{"id":100,"date":"2011-11-23T18:57:58","date_gmt":"2011-11-23T17:57:58","guid":{"rendered":"http:\/\/evelyneguzy.be\/WordPress3\/?page_id=100"},"modified":"2025-08-06T12:59:28","modified_gmt":"2025-08-06T10:59:28","slug":"en-histoire","status":"publish","type":"page","link":"https:\/\/evelyneguzy.be\/WordPress3\/?page_id=100","title":{"rendered":"En histoire&#8230;"},"content":{"rendered":"<div class=\"wp-block-image\">\n<figure class=\"alignleft\"><img loading=\"lazy\" decoding=\"async\" width=\"225\" height=\"300\" src=\"\/WordPress3\/wp-content\/uploads\/2011\/11\/DSC00476-225x300.jpg\" alt=\"\" class=\"wp-image-128\" title=\"Evelyne Guzy calligramme\" srcset=\"https:\/\/evelyneguzy.be\/WordPress3\/wp-content\/uploads\/2011\/11\/DSC00476-225x300.jpg 225w, https:\/\/evelyneguzy.be\/WordPress3\/wp-content\/uploads\/2011\/11\/DSC00476-768x1024.jpg 768w\" sizes=\"auto, (max-width: 225px) 100vw, 225px\" \/><\/figure>\n<\/div>\n\n\n<p>Evelyne est n\u00e9e tr\u00e8s jeune \u00e0 l\u2019\u00e9criture. D\u00e8s l\u2019\u00e9cole primaire, elle abandonne le pinceau pour se saisir r\u00e9solument de la plume. On la disait pourtant dou\u00e9e&nbsp;: \u00e0 l\u2019\u00e2ge de&nbsp;cinq ans, elle avait emport\u00e9 un concours de dessin de la Ville de Bruxelles.<\/p>\n\n\n\n<p>De cette br\u00e8ve carri\u00e8re picturale, elle a gard\u00e9 un sens affin\u00e9 de l\u2019observation.<\/p>\n\n\n\n<figure class=\"wp-block-image\"><a href=\"http:\/\/evelyneguzy.be\/WordPress3\/wp-content\/uploads\/2011\/11\/PHOTO-e1322125049249.jpg\"><img loading=\"lazy\" decoding=\"async\" width=\"300\" height=\"165\" src=\"\/WordPress3\/wp-content\/uploads\/2011\/11\/PHOTO-e1322125049249-300x165.jpg\" alt=\"\" class=\"wp-image-129\" title=\"Prix de dessin Evelyne Guzy\" srcset=\"https:\/\/evelyneguzy.be\/WordPress3\/wp-content\/uploads\/2011\/11\/PHOTO-e1322125049249-300x165.jpg 300w, https:\/\/evelyneguzy.be\/WordPress3\/wp-content\/uploads\/2011\/11\/PHOTO-e1322125049249.jpg 988w\" sizes=\"auto, (max-width: 300px) 100vw, 300px\" \/><\/a><\/figure>\n\n\n\n<p><\/p>\n\n\n\n<p>Vint le temps de l\u2019ath\u00e9n\u00e9e, une \u00e9cole de filles, rien que de filles. C\u2019est l\u00e0 qu\u2019Evelyne ex\u00e9cute ses premi\u00e8res commandes&nbsp;: la r\u00e9daction de l\u2019une, la dissertation de l\u2019autre, et les contes de plusieurs de ses condisciples en manque d\u2019inspiration. Souvenir m\u00e9morable&nbsp;: il a fallu mentir au professeur qui, derri\u00e8re un tel d\u00e9ferlement collectif d\u2019imagination, avait rep\u00e9r\u00e9 une plume unique\u2026 D\u00e9lire de pers\u00e9cution&nbsp;?<\/p>\n\n\n\n<p>De cette exp\u00e9rience, elle a conclu qu\u2019elle pourrait plus tard vivre de sa plume, mais peut-\u00eatre en oubliant son nom.<\/p>\n\n\n<div class=\"wp-block-image\">\n<figure class=\"alignright\"><a href=\"http:\/\/evelyneguzy.be\/WordPress3\/wp-content\/uploads\/2011\/11\/EVG-1-450-dpi.jpg\"><img loading=\"lazy\" decoding=\"async\" width=\"160\" height=\"300\" src=\"\/WordPress3\/wp-content\/uploads\/2011\/11\/EVG-1-450-dpi-e1322130283357-160x300.jpg\" alt=\"\" class=\"wp-image-132\" title=\"Evelyne Guzy 15 ans\" srcset=\"https:\/\/evelyneguzy.be\/WordPress3\/wp-content\/uploads\/2011\/11\/EVG-1-450-dpi-e1322130283357-160x300.jpg 160w, https:\/\/evelyneguzy.be\/WordPress3\/wp-content\/uploads\/2011\/11\/EVG-1-450-dpi-e1322130283357-547x1024.jpg 547w, https:\/\/evelyneguzy.be\/WordPress3\/wp-content\/uploads\/2011\/11\/EVG-1-450-dpi-e1322130283357.jpg 712w\" sizes=\"auto, (max-width: 160px) 100vw, 160px\" \/><\/a><\/figure>\n<\/div>\n\n\n<p>A l\u2019universit\u00e9, c\u2019est tout naturellement vers la facult\u00e9 de Philo et Lettres qu\u2019elle s\u2019oriente. L\u2019ULB l\u2019accueille une premi\u00e8re fois, elle y bouclera une licence en Journalisme et Communication ainsi qu\u2019une agr\u00e9gation. Prise de nostalgie,&nbsp;vingt-cinq ans plus tard, elle replongera dans le bain du libre-examen et&nbsp;poursuivra, avant de retourner \u00e0 l&rsquo;\u00e9criture litt\u00e9raire, une formation \u00e0 la&nbsp;recherche en Rh\u00e9torique et Argumentation.<\/p>\n\n\n\n<p>De cette condition d\u2019\u00e9ternelle interrogation, elle tire le profond sentiment que le langage, d\u00e9cidemment, on n\u2019en parle jamais assez profond\u00e9ment.<\/p>\n\n\n<div class=\"wp-block-image\">\n<figure class=\"alignleft\"><a href=\"http:\/\/evelyneguzy.be\/WordPress3\/wp-content\/uploads\/2011\/11\/Evelyne-27-e1322137665641.jpg\"><img loading=\"lazy\" decoding=\"async\" width=\"300\" height=\"257\" src=\"\/WordPress3\/wp-content\/uploads\/2011\/11\/Evelyne-27-e1322137665641-300x257.jpg\" alt=\"\" class=\"wp-image-137\" title=\"Evelyne Guzy et ses enfants 27\" srcset=\"https:\/\/evelyneguzy.be\/WordPress3\/wp-content\/uploads\/2011\/11\/Evelyne-27-e1322137665641-300x257.jpg 300w, https:\/\/evelyneguzy.be\/WordPress3\/wp-content\/uploads\/2011\/11\/Evelyne-27-e1322137665641-1024x878.jpg 1024w, https:\/\/evelyneguzy.be\/WordPress3\/wp-content\/uploads\/2011\/11\/Evelyne-27-e1322137665641.jpg 1200w\" sizes=\"auto, (max-width: 300px) 100vw, 300px\" \/><\/a><\/figure>\n<\/div>\n\n\n<p><\/p>\n\n\n\n<p>&nbsp;<\/p>\n\n\n\n<p>Sur le plan professionnel, Evelyne Guzy exerce le m\u00e9tier de consultante en communication. Une jolie fa\u00e7on de dire que, comme au lyc\u00e9e, elle pr\u00eate sa plume et ses id\u00e9es&nbsp;: \u00e0 des institutions publiques, \u00e0 des ONG, \u00e0 des maisons d&rsquo;\u00e9dition, \u00e0 des politiques, \u00e0 des entreprises&#8230; Brochures de vulgarisation, magazines, catalogues, affiches, annonces, guides, livres, elle multiplie les exp\u00e9riences.<\/p>\n\n\n\n<p>De cette pratique elle&nbsp; nourrit sa vision, profond\u00e9ment ancr\u00e9e dans les r\u00e9alit\u00e9s et les enjeux de notre \u00e9poque.<\/p>\n\n\n\n<figure class=\"wp-block-image\"><a href=\"http:\/\/evelyneguzy.be\/WordPress3\/wp-content\/uploads\/2011\/11\/conf\u00e9rence-CCLJ1.tif\"><img decoding=\"async\" src=\"\/WordPress3\/wp-content\/uploads\/2011\/11\/conf\u00e9rence-CCLJ1.tif\" alt=\"\" class=\"wp-image-108\" title=\"conf\u00e9rence CCLJ\"\/><\/a><\/figure>\n\n\n\n<p><\/p>\n\n\n\n<p>Et son \u0153uvre personnelle&nbsp;? Eh bien, il lui a fallu l\u2019oser. D\u00e8s la naissance de ses enfants, elle avait recommenc\u00e9 \u00e0 \u00e9crire des contes, sans (encore) les publier. Apr\u00e8s le 11-Septembre, pouss\u00e9e par la conviction qu\u2019une nouvelle lecture du monde s\u2019imposait, elle r\u00e9unit autour d\u2019elle un groupe d\u2019auteurs, dirige et r\u00e9dige l\u2019ouvrage&nbsp;<em><strong>Attentats-suicides. Le cas isra\u00e9lo-palestinien<\/strong><\/em>, paru&nbsp;aux \u00e9ditions&nbsp;Luc Pire en 2004. Ce livre va b\u00e9n\u00e9ficier d\u2019un retentissement inesp\u00e9r\u00e9.<\/p>\n\n\n\n<p>De cette publication, elle apprend ce que sa grand-m\u00e8re lui r\u00e9p\u00e9tait depuis fort longtemps&nbsp;: \u00ab&nbsp;On n\u2019est jamais mieux servi que par soi-m\u00eame.&nbsp;\u00bb<\/p>\n\n\n<div class=\"wp-block-image\">\n<figure class=\"alignright\"><img loading=\"lazy\" decoding=\"async\" width=\"189\" height=\"300\" src=\"\/WordPress3\/wp-content\/uploads\/2011\/11\/DSCN0357-2-e1322410488848-189x300.jpg\" alt=\"\" class=\"wp-image-146\" title=\"Evelyne Guzy et G\u00e9raldine Gilson\" srcset=\"https:\/\/evelyneguzy.be\/WordPress3\/wp-content\/uploads\/2011\/11\/DSCN0357-2-e1322410488848-189x300.jpg 189w, https:\/\/evelyneguzy.be\/WordPress3\/wp-content\/uploads\/2011\/11\/DSCN0357-2-e1322410488848-646x1024.jpg 646w, https:\/\/evelyneguzy.be\/WordPress3\/wp-content\/uploads\/2011\/11\/DSCN0357-2-e1322410488848.jpg 1140w\" sizes=\"auto, (max-width: 189px) 100vw, 189px\" \/><\/figure>\n<\/div>\n\n\n<p>Puis sort son premier roman : <em><strong>Dans le Sang<\/strong><\/em>, qu\u2019\u00e9dite Bernard Gilson en 2009. Un&nbsp;ouvrage obs\u00e9dant qui confronte le lecteur \u00e0 ses propres limites et \u00e0 celles du monde qui l\u2019entoure.<\/p>\n\n\n\n<p>De cette plong\u00e9e dans la fiction, Evelyne Guzy ram\u00e8ne un gros poisson&nbsp;: l\u2019id\u00e9e que oui, vraiment, elle aime \u00e7a, \u00e9crire et partager son univers.<\/p>\n\n\n<div class=\"wp-block-image\">\n<figure class=\"alignleft\"><a href=\"http:\/\/evelyneguzy.be\/WordPress3\/wp-content\/uploads\/2011\/11\/IMG_0364.jpg\"><img loading=\"lazy\" decoding=\"async\" width=\"300\" height=\"295\" src=\"\/WordPress3\/wp-content\/uploads\/2011\/11\/IMG_0364-e1322410768764-300x295.jpg\" alt=\"\" class=\"wp-image-148\" title=\"Evelyne Guzy publie Bruxelles-les-eaux chez Maelstrom\" srcset=\"https:\/\/evelyneguzy.be\/WordPress3\/wp-content\/uploads\/2011\/11\/IMG_0364-e1322410768764-300x295.jpg 300w, https:\/\/evelyneguzy.be\/WordPress3\/wp-content\/uploads\/2011\/11\/IMG_0364-e1322410768764.jpg 444w\" sizes=\"auto, (max-width: 300px) 100vw, 300px\" \/><\/a><\/figure>\n<\/div>\n\n\n<p>Depuis lors, elle continue. Une histoire urbaine, <em>Bruxelles-les-Eaux, <\/em>a vu le jour aux \u00e9ditions Maelstr\u00f6m, en 2010.&nbsp;<\/p>\n\n\n\n<p><\/p>\n\n\n<div class=\"wp-block-image\">\n<figure class=\"alignright\"><a href=\"http:\/\/evelyneguzy.be\/WordPress3\/wp-content\/uploads\/2011\/11\/IMG_0353.jpg\"><img loading=\"lazy\" decoding=\"async\" width=\"210\" height=\"300\" src=\"\/WordPress3\/wp-content\/uploads\/2011\/11\/IMG_0353-e1355993302978-210x300.jpg\" alt=\"\" class=\"wp-image-578\" title=\"S\u00e9ance de d\u00e9dicace d'Evelyne Guzy \u00e0 la librairie Filigranes\" srcset=\"https:\/\/evelyneguzy.be\/WordPress3\/wp-content\/uploads\/2011\/11\/IMG_0353-e1355993302978-210x300.jpg 210w, https:\/\/evelyneguzy.be\/WordPress3\/wp-content\/uploads\/2011\/11\/IMG_0353-e1355993302978.jpg 434w\" sizes=\"auto, (max-width: 210px) 100vw, 210px\" \/><\/a><\/figure>\n<\/div>\n\n\n<p>      Para\u00eet ensuite<strong>&nbsp;<em style=\"color: #333333; font: normal normal normal 15px\/normal 'Helvetica Neue', Helvetica, Arial, sans-serif; font-style: italic; font-weight: inherit; line-height: 1.625;\">Le Martyr de l&rsquo;Etoile<\/em><\/strong><em style=\"color: #333333; font: normal normal normal 15px\/normal 'Helvetica Neue', Helvetica, Arial, sans-serif; font-style: italic; font-weight: inherit; line-height: 1.625;\"> <\/em>(Luc Pire, 2012), un roman noir, tr\u00e8s noir, o\u00f9 il est question de Bruxelles et de sa symbolique, de femmes et de sites islamistes radicaux&#8230;<\/p>\n\n\n\n<p>En f\u00e9vrier 2021, un nouveau roman inscrit nos pas dans ceux&nbsp;d&rsquo;une famille juive, de la Pologne du d\u00e9but du XXe si\u00e8cle \u00e0 la Belgique d&rsquo;aujourd&rsquo;hui :&nbsp;<i><strong>La Mal\u00e9diction <\/strong>des Mots <\/i>est&nbsp;publi\u00e9e par les \u00e9ditions MEO.&nbsp;Elle&nbsp;a figur\u00e9 dans l&rsquo;avant-derni\u00e8re s\u00e9lection du prix Victor Rossel de litt\u00e9rature 2021.<\/p>\n\n\n<div class=\"wp-block-image\">\n<figure class=\"alignleft\"><a href=\"https:\/\/evelyneguzy.be\/WordPress3\/wp-content\/uploads\/2023\/09\/IMG_0399.png\"><img loading=\"lazy\" decoding=\"async\" width=\"300\" height=\"139\" src=\"https:\/\/evelyneguzy.be\/WordPress3\/wp-content\/uploads\/2023\/09\/IMG_0399-300x139.png\" alt=\"\" class=\"wp-image-1838\" srcset=\"https:\/\/evelyneguzy.be\/WordPress3\/wp-content\/uploads\/2023\/09\/IMG_0399-300x139.png 300w, https:\/\/evelyneguzy.be\/WordPress3\/wp-content\/uploads\/2023\/09\/IMG_0399-1024x473.png 1024w, https:\/\/evelyneguzy.be\/WordPress3\/wp-content\/uploads\/2023\/09\/IMG_0399-768x355.png 768w, https:\/\/evelyneguzy.be\/WordPress3\/wp-content\/uploads\/2023\/09\/IMG_0399-1536x710.png 1536w, https:\/\/evelyneguzy.be\/WordPress3\/wp-content\/uploads\/2023\/09\/IMG_0399-2048x946.png 2048w, https:\/\/evelyneguzy.be\/WordPress3\/wp-content\/uploads\/2023\/09\/IMG_0399-500x231.png 500w\" sizes=\"auto, (max-width: 300px) 100vw, 300px\" \/><\/a><\/figure>\n<\/div>\n\n\n<p>La qu\u00eate de m\u00e9moire d&rsquo;Evelyne Guzy se poursuit dans un recueil de nouvelles, publi\u00e9 en 2023 chez Ker \u00e9ditions : <em><strong>Belgiques. Ce qui reste quand on a tout oubli\u00e9&#8230;&nbsp;<\/strong><\/em><\/p>\n\n\n\n<p><span style=\"color: #000000;\">Le dernier ouvrage d&rsquo;Evelyne Guzy, <em><strong>Danser, encore<\/strong><\/em>, est paru en mars 2025, chez Edern \u00e9ditions. Dans neuf <em>Histoires de renaissances<\/em>, dont trois consacr\u00e9es au 7-Octobre, des personnes ordinaires tentent de creuser une br\u00e8che face aux impasses de la vie. <\/span><\/p>\n\n\n\n<h1 class=\"wp-block-heading has-large-font-size\">En fiction&#8230;<\/h1>\n\n\n\n<p>Le portrait onirique d&rsquo;Evelyne Guzy par <a href=\"https:\/\/www.mapuetos.com\/evelyne-guzy\">Patrick Lowie sur le site Mapuetos<\/a><\/p>\n\n\n\n<figure class=\"wp-block-image size-medium is-resized\"><a href=\"https:\/\/evelyneguzy.be\/WordPress3\/wp-content\/uploads\/2025\/08\/IMG_4136.jpeg\"><img loading=\"lazy\" decoding=\"async\" width=\"199\" height=\"300\" src=\"https:\/\/evelyneguzy.be\/WordPress3\/wp-content\/uploads\/2025\/08\/IMG_4136-199x300.jpeg\" alt=\"\" class=\"wp-image-2272\" style=\"width:614px;height:auto\" srcset=\"https:\/\/evelyneguzy.be\/WordPress3\/wp-content\/uploads\/2025\/08\/IMG_4136-199x300.jpeg 199w, https:\/\/evelyneguzy.be\/WordPress3\/wp-content\/uploads\/2025\/08\/IMG_4136-680x1024.jpeg 680w, https:\/\/evelyneguzy.be\/WordPress3\/wp-content\/uploads\/2025\/08\/IMG_4136-768x1157.jpeg 768w, https:\/\/evelyneguzy.be\/WordPress3\/wp-content\/uploads\/2025\/08\/IMG_4136-1020x1536.jpeg 1020w, https:\/\/evelyneguzy.be\/WordPress3\/wp-content\/uploads\/2025\/08\/IMG_4136.jpeg 1164w\" sizes=\"auto, (max-width: 199px) 100vw, 199px\" \/><\/a><\/figure>\n","protected":false},"excerpt":{"rendered":"<p>Evelyne est n\u00e9e tr\u00e8s jeune \u00e0 l\u2019\u00e9criture. D\u00e8s l\u2019\u00e9cole primaire, elle abandonne le pinceau pour se saisir r\u00e9solument de la plume. On la disait pourtant dou\u00e9e&nbsp;: \u00e0 l\u2019\u00e2ge de&nbsp;cinq ans, elle avait emport\u00e9 un concours de dessin de la Ville &hellip; <a href=\"https:\/\/evelyneguzy.be\/WordPress3\/?page_id=100\">Continuer la lecture <span class=\"meta-nav\">&rarr;<\/span><\/a><\/p>\n","protected":false},"author":1,"featured_media":0,"parent":93,"menu_order":1,"comment_status":"closed","ping_status":"open","template":"","meta":{"footnotes":""},"class_list":["post-100","page","type-page","status-publish","hentry"],"_links":{"self":[{"href":"https:\/\/evelyneguzy.be\/WordPress3\/index.php?rest_route=\/wp\/v2\/pages\/100","targetHints":{"allow":["GET"]}}],"collection":[{"href":"https:\/\/evelyneguzy.be\/WordPress3\/index.php?rest_route=\/wp\/v2\/pages"}],"about":[{"href":"https:\/\/evelyneguzy.be\/WordPress3\/index.php?rest_route=\/wp\/v2\/types\/page"}],"author":[{"embeddable":true,"href":"https:\/\/evelyneguzy.be\/WordPress3\/index.php?rest_route=\/wp\/v2\/users\/1"}],"replies":[{"embeddable":true,"href":"https:\/\/evelyneguzy.be\/WordPress3\/index.php?rest_route=%2Fwp%2Fv2%2Fcomments&post=100"}],"version-history":[{"count":90,"href":"https:\/\/evelyneguzy.be\/WordPress3\/index.php?rest_route=\/wp\/v2\/pages\/100\/revisions"}],"predecessor-version":[{"id":2276,"href":"https:\/\/evelyneguzy.be\/WordPress3\/index.php?rest_route=\/wp\/v2\/pages\/100\/revisions\/2276"}],"up":[{"embeddable":true,"href":"https:\/\/evelyneguzy.be\/WordPress3\/index.php?rest_route=\/wp\/v2\/pages\/93"}],"wp:attachment":[{"href":"https:\/\/evelyneguzy.be\/WordPress3\/index.php?rest_route=%2Fwp%2Fv2%2Fmedia&parent=100"}],"curies":[{"name":"wp","href":"https:\/\/api.w.org\/{rel}","templated":true}]}}