{"id":1400,"date":"2020-02-27T15:44:22","date_gmt":"2020-02-27T14:44:22","guid":{"rendered":"https:\/\/evelyneguzy.be\/WordPress3\/?page_id=1400"},"modified":"2025-05-05T17:10:49","modified_gmt":"2025-05-05T15:10:49","slug":"curriculum-vitae","status":"publish","type":"page","link":"https:\/\/evelyneguzy.be\/WordPress3\/?page_id=1400","title":{"rendered":"Curriculum Vitae"},"content":{"rendered":"\n<h1 class=\"wp-block-heading\"><strong>AUTEUR&nbsp;\u00b7&nbsp;depuis 2004&nbsp;<\/strong><\/h1>\n\n\n\n<h2 class=\"wp-block-heading\">Edern \u00e9ditions<\/h2>\n\n\n\n<ul class=\"wp-block-list\">\n<li><em>Danser, encore. Histoires de renaissances<\/em>, recueil, 2025.<\/li>\n<\/ul>\n\n\n\n<h2 class=\"wp-block-heading\">Ker \u00e9ditions<\/h2>\n\n\n\n<ul class=\"wp-block-list\">\n<li><em>Belgiques. Ce qui reste quand on a tout oubli\u00e9<\/em>, recueil de nouvelles, 2023.<\/li>\n<\/ul>\n\n\n\n<div class=\"wp-block-group\"><div class=\"wp-block-group__inner-container is-layout-flow wp-block-group-is-layout-flow\">\n<p><strong>\u00c9ditions MEO<\/strong><\/p>\n\n\n\n<ul class=\"wp-block-list\">\n<li><em>La Mal\u00e9diction des Mots<\/em>, roman, 2021. Cet ouvrage a figur\u00e9 parmi les quinze demi-finalistes au prix Victor Rossel de litt\u00e9rature 2021.<\/li>\n<\/ul>\n\n\n\n<p><strong>\u00c9ditions Luc Pire<\/strong>&nbsp;<\/p>\n\n\n\n<ul class=\"wp-block-list\">\n<li><em>Le Martyr de l&rsquo;Etoile<\/em>, roman noir, coll. Kill &amp; Read, 2012.<\/li>\n\n\n\n<li><em>Attentats-suicides. Le cas isra\u00e9lo-palestinien<\/em>&nbsp;(dir.), Pr\u00e9face de Pierre Mertens, essai, 2004.<\/li>\n<\/ul>\n\n\n\n<p><strong>\u00c9ditions Maelstr\u00f6m<\/strong><\/p>\n\n\n\n<ul class=\"wp-block-list\">\n<li><em>Bruxelles-les-Eaux<\/em>, histoire urbaine, 2010.<\/li>\n<\/ul>\n\n\n\n<p><strong>\u00c9ditions Bernard Gilson<\/strong><\/p>\n\n\n\n<ul class=\"wp-block-list\">\n<li><em>Dans le sang<\/em>, roman, 2009.<\/li>\n<\/ul>\n<\/div><\/div>\n\n\n\n<p><strong>Revue Marginales<\/strong><\/p>\n\n\n\n<p>Revue litt\u00e9raire dirig\u00e9e par le regrett\u00e9 Jacques De Decker (r\u00e9dacteur-en-chef, Jean Jauniaux) et, depuis l\u2019\u00e9t\u00e9 2020, par Vincent Engel. Depuis 2022, la revue para\u00eet en ligne en partenariat avec le journal <em>Le Soir<\/em>.<\/p>\n\n\n\n<p><\/p>\n\n\n\n<div class=\"wp-block-group\"><div class=\"wp-block-group__inner-container is-layout-constrained wp-block-group-is-layout-constrained\">\n<ul class=\"wp-block-list\">\n<li>\u00ab\u00a0Je ne suis pas une pute \u00e0 clic\u00a0\u00bb, <em>Put<\/em>aclic ou foules sentimentales<em>, <\/em>n\u00b0311, Printemps 2024. En ligne et parmi les nouvelles s\u00e9lectionn\u00e9es dans la version papier annuelle en 2024.<\/li>\n\n\n\n<li>\u00ab\u00a0Rendez-moi ma licorne\u00a0\u00bb, <em>Les nouvelles du jour<\/em>, 11 novembre 2023.<\/li>\n\n\n\n<li>\u00ab\u00a0Au pays de mon corps\u00a0\u00bb, <em>Balance ton peuple<\/em>, n\u00b0307, Automne 2022. En ligne et parmi les nouvelles s\u00e9lectionn\u00e9es dans la version papier annuelle en 2023.<\/li>\n\n\n\n<li>\u00ab&nbsp;L\u2019Ultime Confinement\u00ab&nbsp;, <em>De Virus illustribus (II)<\/em>,&nbsp;n\u00b0304, Printemps-\u00e9t\u00e9 2020.<\/li>\n\n\n\n<li>\u00ab&nbsp;Les Trois F\u00e9es&nbsp;\u00bb,&nbsp;<em>Paman, Mapa, l&rsquo;esp\u00e8ce et moi<\/em>, n\u00b0286, Printemps 2013.<\/li>\n\n\n\n<li> \u00ab Le Tr\u00e9sor \u00bb,&nbsp;<em>D\u00e9r\u00e8glements de compte<\/em>, n\u00b0284, Automne 2012.<\/li>\n\n\n\n<li>\u00ab R\u00e9volistance \u00bb,&nbsp;<em>St\u00e9phane et Steve, des d\u00e9tonateurs ?<\/em>, n\u00b0282, Printemps 2012.<\/li>\n\n\n\n<li>\u00ab Mon Amazone \u00bb,&nbsp;<em>Les Nouvelles Amazonies<\/em>, n\u00b0280, Automne 2011.&nbsp;<\/li>\n<\/ul>\n<\/div><\/div>\n\n\n\n<p><strong>Po\u00e9sie<\/strong> <\/p>\n\n\n\n<ul class=\"wp-block-list\">\n<li>\u00ab La Maison des abysses \u00bb,&nbsp;<em>De l&rsquo;autre c\u00f4t\u00e9<\/em>, L&rsquo;arbre \u00e0 paroles, 2011.<\/li>\n<\/ul>\n\n\n\n<p><strong>Nouvelles<\/strong> (dans des ouvrages collectifs)<\/p>\n\n\n\n<p><\/p>\n\n\n\n<ul class=\"wp-block-list\">\n<li>\u00ab\u00a0Les Ames glac\u00e9es\u00a0\u00bb, <em>Amorces de r\u00e9cits. En soutien \u00e0 Boualem Sansal<\/em>, Edern \u00e9ditions &#8211; Pen Belgique francophone, 2025.<\/li>\n\n\n\n<li>\u00ab\u00a0Et mes morts verront le jour. <em>Profession de foi camusienne<\/em>\u00ab\u00a0, <em>Hommage \u00e0 Albert Camus<\/em>, Editions Rencontre des auteurs francophones, 2023.<\/li>\n\n\n\n<li>\u00ab\u00a0Je ne suis pas le Petit Prince\u00a0\u00bb, <em>Recueil &#8211; Festival (Volume 4)<\/em>, Les oiseaux de nuit, Th\u00e9\u00e2tre, 2022. Egalement paru dans <em>Hommage au Petit Prince<\/em>, Editions Rencontre des auteurs francophone, 2023.<\/li>\n\n\n\n<li>\u00ab Monologue des tr\u00e9fonds \u00bb,&nbsp;<em>\u00c9crivains du Monde pour Ha\u00efti<\/em>, Editions Banc d\u2019Arguin, 2010.<\/li>\n\n\n\n<li>\u00ab Lettre d\u2019une libre-exaministe au fils de l\u2019Homme \u00bb,&nbsp;<em>ULB une fiction vivante<\/em>, \u00c9ditions Erc\u00e9e, 2010.<\/li>\n<\/ul>\n\n\n\n<p><strong>Articles Scientifiques<\/strong><\/p>\n\n\n\n<ul class=\"wp-block-list\">\n<li>\u00ab \u201cLa Fin du \u2018Peuple d\u2019Isra\u00ebl\u2019 : une v\u00e9rit\u00e9 coranique\u2019\u2019. Analyse de l\u2019efficacit\u00e9 d\u2019une rh\u00e9torique du combat \u00e0 travers un texte jihadiste. \u00bb, dans Luce Albert et Lo\u00efc Nicolas (dir.),&nbsp;<em>Pol\u00e9mique et Rh\u00e9rorique. De l&rsquo;Antiquit\u00e9 \u00e0 nos jours<\/em>, Louvain-la-Neuve, Ed. de Boeck-Duculot, coll. \u00ab\u00a0Champs linguistiques\u00a0\u00bb, 2010.&nbsp;<\/li>\n\n\n\n<li>\u00ab Face au complot, une guerre des saintes ? Analyse d\u2019un texte jihadiste au f\u00e9minin. \u00bb, dans Emmanuelle Danblon et Lo\u00efc Nicolas (dir.),&nbsp;<em>Les Rh\u00e9toriques de la conspiration<\/em>, Paris, Ed. du CNRS, coll. \u00ab\u00a0Histoire\u00a0\u00bb, 2010.<\/li>\n\n\n\n<li>\u00ab\u00a0La langue du jihad \u00e0 la lumi\u00e8re de LTI. Une approche rh\u00e9torique\u00a0\u00bb, dans Laurence Aubry et B\u00e9atrice Turpin (dir.),&nbsp;<em>Victor Klemperer, Repenser le langage totalitaire<\/em>, Paris, Ed du CNRS, coll. \u00ab\u00a0Linguistique\u00a0\u00bb, 2012.&nbsp;<\/li>\n<\/ul>\n\n\n\n<p><strong>Cartes Blanches<\/strong><\/p>\n\n\n\n<p>Diverses opinions parues dans Le Soir, La Libre, Le Vif.<\/p>\n\n\n\n<h1 class=\"wp-block-heading\"><strong>CONSULTANTE EN COMMUNICATION ET EDITRICE&nbsp;\u00b7&nbsp;depuis 1986 <\/strong><\/h1>\n\n\n\n<ul class=\"wp-block-list\">\n<li>Conseils en communication, strat\u00e9gie r\u00e9dactionnelle, \u00e9dition.<\/li>\n\n\n\n<li>Conception et r\u00e9daction de brochures de vulgarisation sur des th\u00e8mes d\u2019int\u00e9r\u00eat citoyen et de textes adapt\u00e9s aux divers supports de communication.<\/li>\n\n\n\n<li>Conception et r\u00e9daction de messages \u00e0 l\u2019usage des entreprises ; \u00e9laboration de strat\u00e9gies de communication.<\/li>\n\n\n\n<li>Animation de s\u00e9minaires et coaching en \u00e9criture et communication.&nbsp;&nbsp;<\/li>\n<\/ul>\n\n\n\n<p><strong>Edern Editions<\/strong><\/p>\n\n\n\n<p>Editrice d&rsquo;ouvrages de fiction \u00e9crits par Ludovic Delory, Rapha\u00ebl Dahl, Johan Tojerow, Fabien Philippe Marie&#8230;<\/p>\n\n\n\n<p><strong>BXFM 104.3<\/strong><\/p>\n\n\n\n<p>Chronique litt\u00e9raire consacr\u00e9e aux \u00e9crivains belges.<\/p>\n\n\n\n<p><strong>Luc Pire Edition<\/strong><\/p>\n\n\n\n<ul class=\"wp-block-list\">\n<li>\u00c9ditrice d&rsquo;ouvrages (essais ou romans) de Philippe Moureaux, Marc Hermant, C\u00e9line Fr\u00e9mault, Paul Magnette, Hermine Bokhorst, Alain van den Abeele, Charles Ledent, Louis Maraite, Isabelle Bary, Xavier Deutsch, Philippe Raxhon&#8230;<\/li>\n\n\n\n<li>Collaboration \u00e0 la r\u00e9daction du livre de Karine Lalieux,&nbsp;<em>Abus sexuels dans l&rsquo;\u00c9glise. Paroles lib\u00e9r\u00e9es<\/em>, 2012.&nbsp;<\/li>\n\n\n\n<li>Participation \u00e0 la conception de la collection Kiss &amp; Read.<\/li>\n<\/ul>\n\n\n\n<p><strong>Textes de vulgarisation<\/strong><\/p>\n\n\n\n<p>Sp\u00e9cialiste de la vulgarisation, Evelyne Guzy con\u00e7oit des brochures d\u2019information sur des th\u00e8mes d\u2019int\u00e9r\u00eat citoyen. Elle a d\u00e9j\u00e0 trait\u00e9 de sujets comme l\u2019\u00e9cole, les sectes, l\u2019am\u00e9nagement du territoire, le logement, l\u2019internet ou l\u2019\u00e9galit\u00e9 hommes-femmes. Elle a mis sa plume au service d\u2019institutions telles que la R\u00e9gion Wallonne, la R\u00e9gion de Bruxelles-Capitale, la Communaut\u00e9 fran\u00e7aise de Belgique, l\u2019Universit\u00e9 Catholique de Louvain et la Commission europ\u00e9enne.&nbsp;<\/p>\n\n\n\n<h1 class=\"wp-block-heading\">FORMATION&nbsp;: Universit\u00e9 Libre de Bruxelles<\/h1>\n\n\n\n<p>Promotion 2010&nbsp;\u00b7&nbsp;Formation \u00e0 la recherche&nbsp;\u00b7&nbsp;Rh\u00e9torique et Argumentation.&nbsp;<\/p>\n\n\n\n<p>Promotion 1982&nbsp;\u00b7&nbsp;Agr\u00e9gation de l&rsquo;Enseignement secondaire sup\u00e9rieur.<\/p>\n\n\n\n<p>Promotion 1982&nbsp;\u00b7&nbsp;Master (Licence) en Journalisme et communication.&nbsp;<\/p>\n\n\n\n<p><strong>ENGAGEMENTS CITOYENS<\/strong><\/p>\n\n\n\n<ul class=\"wp-block-list\">\n<li>Cours de fran\u00e7ais \u00e0 des r\u00e9fugi\u00e9s dans le cadre de l&rsquo;Ecole Maximilien pour Adultes (EMA)<\/li>\n\n\n\n<li>Membre du CA de PEN Belgique &#8211; Membre du jury du prix Rotary-Pen 2025<\/li>\n\n\n\n<li>S\u00e9ances de transmission sur la shoa dans les \u00e9coles dans le cadre du projet Neshama (Service Social juif)<\/li>\n<\/ul>\n\n\n\n<p><\/p>\n","protected":false},"excerpt":{"rendered":"<p>AUTEUR&nbsp;\u00b7&nbsp;depuis 2004&nbsp; Edern \u00e9ditions Ker \u00e9ditions \u00c9ditions MEO \u00c9ditions Luc Pire&nbsp; \u00c9ditions Maelstr\u00f6m \u00c9ditions Bernard Gilson Revue Marginales Revue litt\u00e9raire dirig\u00e9e par le regrett\u00e9 Jacques De Decker (r\u00e9dacteur-en-chef, Jean Jauniaux) et, depuis l\u2019\u00e9t\u00e9 2020, par Vincent Engel. Depuis 2022, la &hellip; <a href=\"https:\/\/evelyneguzy.be\/WordPress3\/?page_id=1400\">Continuer la lecture <span class=\"meta-nav\">&rarr;<\/span><\/a><\/p>\n","protected":false},"author":1,"featured_media":0,"parent":93,"menu_order":3,"comment_status":"closed","ping_status":"closed","template":"","meta":{"footnotes":""},"class_list":["post-1400","page","type-page","status-publish","hentry"],"_links":{"self":[{"href":"https:\/\/evelyneguzy.be\/WordPress3\/index.php?rest_route=\/wp\/v2\/pages\/1400","targetHints":{"allow":["GET"]}}],"collection":[{"href":"https:\/\/evelyneguzy.be\/WordPress3\/index.php?rest_route=\/wp\/v2\/pages"}],"about":[{"href":"https:\/\/evelyneguzy.be\/WordPress3\/index.php?rest_route=\/wp\/v2\/types\/page"}],"author":[{"embeddable":true,"href":"https:\/\/evelyneguzy.be\/WordPress3\/index.php?rest_route=\/wp\/v2\/users\/1"}],"replies":[{"embeddable":true,"href":"https:\/\/evelyneguzy.be\/WordPress3\/index.php?rest_route=%2Fwp%2Fv2%2Fcomments&post=1400"}],"version-history":[{"count":30,"href":"https:\/\/evelyneguzy.be\/WordPress3\/index.php?rest_route=\/wp\/v2\/pages\/1400\/revisions"}],"predecessor-version":[{"id":2182,"href":"https:\/\/evelyneguzy.be\/WordPress3\/index.php?rest_route=\/wp\/v2\/pages\/1400\/revisions\/2182"}],"up":[{"embeddable":true,"href":"https:\/\/evelyneguzy.be\/WordPress3\/index.php?rest_route=\/wp\/v2\/pages\/93"}],"wp:attachment":[{"href":"https:\/\/evelyneguzy.be\/WordPress3\/index.php?rest_route=%2Fwp%2Fv2%2Fmedia&parent=1400"}],"curies":[{"name":"wp","href":"https:\/\/api.w.org\/{rel}","templated":true}]}}