{"id":1561,"date":"2021-04-05T16:53:43","date_gmt":"2021-04-05T14:53:43","guid":{"rendered":"https:\/\/evelyneguzy.be\/WordPress3\/?page_id=1561"},"modified":"2021-04-06T10:57:46","modified_gmt":"2021-04-06T08:57:46","slug":"ce-que-jai-compris-le-22-mars-2016","status":"publish","type":"page","link":"https:\/\/evelyneguzy.be\/WordPress3\/?page_id=1561","title":{"rendered":"Ce que j&rsquo;ai compris le 22 mars 2016"},"content":{"rendered":"\n<div class=\"wp-block-image\"><figure class=\"aligncenter\"><img loading=\"lazy\" decoding=\"async\" width=\"1024\" height=\"575\" src=\"https:\/\/evelyneguzy.be\/WordPress3\/wp-content\/uploads\/2021\/04\/enfant-cach\ufffd-073.jpeg\" alt=\"\" class=\"wp-image-1570\" srcset=\"https:\/\/evelyneguzy.be\/WordPress3\/wp-content\/uploads\/2021\/04\/enfant-cach\ufffd-073.jpeg 1024w, https:\/\/evelyneguzy.be\/WordPress3\/wp-content\/uploads\/2021\/04\/enfant-cach\ufffd-073-300x168.jpeg 300w, https:\/\/evelyneguzy.be\/WordPress3\/wp-content\/uploads\/2021\/04\/enfant-cach\ufffd-073-768x431.jpeg 768w, https:\/\/evelyneguzy.be\/WordPress3\/wp-content\/uploads\/2021\/04\/enfant-cach\ufffd-073-500x281.jpeg 500w\" sizes=\"auto, (max-width: 1024px) 100vw, 1024px\" \/><figcaption><em>Momignies pendant l\u2019Occupation (28\/1\/44). A l\u2019extr\u00eame droite, Gr\u00e9goire Burgman &#8211; alias L\u00e9on Dumont -, enfant cach\u00e9.<\/em><\/figcaption><\/figure><\/div>\n\n\n\n<p><br \/>Des attentats jihadistes qui ont pr\u00e9c\u00e9d\u00e9 ceux du 22 mars, je garde, ancr\u00e9e dans mon corps, la sensation de sid\u00e9ration qui m\u2019a envahie, \u00e0 chaque fois, plusieurs jours durant. &nbsp;<\/p>\n\n\n\n<p>En revanche, je me souviens parfaitement de ce que je faisais, de ce que j\u2019ai ressenti, pens\u00e9 et compris le 22 mars 2016.<\/p>\n\n\n\n<p>Le 22 mars 2016, je r\u00e9digeais un chapitre de mon roman, <em>La Mal\u00e9diction des Mots<\/em>, consacr\u00e9 \u00e0 mon p\u00e8re, enfant cach\u00e9. Je sondais ses sentiments \u00e0 lui qui &#8211; choy\u00e9 par des moines qui le pr\u00e9servaient de la barbarie nazie &#8211; avait perdu, en m\u00eame temps que son nom, son identit\u00e9, sa personnalit\u00e9. Taciturne, il lui arrivait souvent de sombrer dans la m\u00e9lancolie.<\/p>\n\n\n\n<p>J\u2019ai pens\u00e9 que ce m\u00e9lange d\u2019impuissance et de souffrance cachaient sans doute une inexprimable col\u00e8re. Et que ces sentiments \u00e9taient politiques. Comme l\u2019infinie tristesse teint\u00e9e de r\u00e9volte que je ressentais face au terrorisme. Sans doute, ce bourbier confus d\u2019affects envahissait-il mon p\u00e8re, comme il m\u2019envahissait, au vu de l\u2019incurie d\u2019une id\u00e9ologie qui laisse s\u2019abattre une violence sans nom, m\u00eame sur les enfants.<\/p>\n\n\n\n<p>J\u2019ai r\u00e9fl\u00e9chi et \u00e9crit sur le terrorisme, sur la barbarie. Il restera toujours cette part d\u2019inexplicable, et en m\u00eame temps d\u2019ind\u00e9niable&nbsp;: les auteurs d\u2019actes inhumains sont des Hommes comme nous.&nbsp;<\/p>\n\n\n\n<p>Et, paradoxalement, c\u2019est parce que nous sommes des femmes et des hommes que nous survivons et transcendons la souffrance.&nbsp;<\/p>\n\n\n\n<p>Nous offrant ainsi une chance de renaissance, \u00e0 nous et au monde que nous partageons.<\/p>\n\n\n\n<p>22\/3\/21<br \/><\/p>\n","protected":false},"excerpt":{"rendered":"<p>Des attentats jihadistes qui ont pr\u00e9c\u00e9d\u00e9 ceux du 22 mars, je garde, ancr\u00e9e dans mon corps, la sensation de sid\u00e9ration qui m\u2019a envahie, \u00e0 chaque fois, plusieurs jours durant. &nbsp; En revanche, je me souviens parfaitement de ce que je &hellip; <a href=\"https:\/\/evelyneguzy.be\/WordPress3\/?page_id=1561\">Continuer la lecture <span class=\"meta-nav\">&rarr;<\/span><\/a><\/p>\n","protected":false},"author":1,"featured_media":0,"parent":1124,"menu_order":6,"comment_status":"closed","ping_status":"closed","template":"","meta":{"footnotes":""},"class_list":["post-1561","page","type-page","status-publish","hentry"],"_links":{"self":[{"href":"https:\/\/evelyneguzy.be\/WordPress3\/index.php?rest_route=\/wp\/v2\/pages\/1561","targetHints":{"allow":["GET"]}}],"collection":[{"href":"https:\/\/evelyneguzy.be\/WordPress3\/index.php?rest_route=\/wp\/v2\/pages"}],"about":[{"href":"https:\/\/evelyneguzy.be\/WordPress3\/index.php?rest_route=\/wp\/v2\/types\/page"}],"author":[{"embeddable":true,"href":"https:\/\/evelyneguzy.be\/WordPress3\/index.php?rest_route=\/wp\/v2\/users\/1"}],"replies":[{"embeddable":true,"href":"https:\/\/evelyneguzy.be\/WordPress3\/index.php?rest_route=%2Fwp%2Fv2%2Fcomments&post=1561"}],"version-history":[{"count":9,"href":"https:\/\/evelyneguzy.be\/WordPress3\/index.php?rest_route=\/wp\/v2\/pages\/1561\/revisions"}],"predecessor-version":[{"id":1587,"href":"https:\/\/evelyneguzy.be\/WordPress3\/index.php?rest_route=\/wp\/v2\/pages\/1561\/revisions\/1587"}],"up":[{"embeddable":true,"href":"https:\/\/evelyneguzy.be\/WordPress3\/index.php?rest_route=\/wp\/v2\/pages\/1124"}],"wp:attachment":[{"href":"https:\/\/evelyneguzy.be\/WordPress3\/index.php?rest_route=%2Fwp%2Fv2%2Fmedia&parent=1561"}],"curies":[{"name":"wp","href":"https:\/\/api.w.org\/{rel}","templated":true}]}}