{"id":1853,"date":"2023-09-14T22:01:30","date_gmt":"2023-09-14T20:01:30","guid":{"rendered":"https:\/\/evelyneguzy.be\/WordPress3\/?page_id=1853"},"modified":"2026-02-18T15:45:34","modified_gmt":"2026-02-18T14:45:34","slug":"belgiques-ce-qui-reste-quand-on-a-tout-oublie","status":"publish","type":"page","link":"https:\/\/evelyneguzy.be\/WordPress3\/?page_id=1853","title":{"rendered":"Belgiques. Ce qui reste quand on a tout oubli\u00e9&#8230;"},"content":{"rendered":"\n<div class=\"wp-block-media-text has-media-on-the-right is-stacked-on-mobile is-style-default\" style=\"grid-template-columns:auto 52%\"><div class=\"wp-block-media-text__content\">\n<p><strong><em>Ker \u00e9ditions, 2023<\/em><\/strong><\/p>\n\n\n\n<p><em>Belgiques<\/em>&nbsp;est une collection de recueils de nouvelles. Chaque recueil, \u00e9crit par un seul auteur, est un portrait en mosa\u00efque de la Belgique. Des paysages, des ambiances, du folklore, des traditions, de la gastronomie, de la politique, des langues\u2026 Tant\u00f4t humoristiques, tant\u00f4t doux-amers, chacun de ces tableaux impressionnistes est le reflet d\u2019une Belgique : celle de l\u2019auteur.<\/p>\n\n\n\n<p><\/p>\n\n\n\n<p><\/p>\n\n\n\n<p><\/p>\n<\/div><figure class=\"wp-block-media-text__media\"><img loading=\"lazy\" decoding=\"async\" width=\"607\" height=\"1024\" src=\"https:\/\/evelyneguzy.be\/WordPress3\/wp-content\/uploads\/2023\/09\/IMG_0764-607x1024.jpeg\" alt=\"\" class=\"wp-image-1854 size-full\" srcset=\"https:\/\/evelyneguzy.be\/WordPress3\/wp-content\/uploads\/2023\/09\/IMG_0764-607x1024.jpeg 607w, https:\/\/evelyneguzy.be\/WordPress3\/wp-content\/uploads\/2023\/09\/IMG_0764-178x300.jpeg 178w, https:\/\/evelyneguzy.be\/WordPress3\/wp-content\/uploads\/2023\/09\/IMG_0764-768x1296.jpeg 768w, https:\/\/evelyneguzy.be\/WordPress3\/wp-content\/uploads\/2023\/09\/IMG_0764-910x1536.jpeg 910w, https:\/\/evelyneguzy.be\/WordPress3\/wp-content\/uploads\/2023\/09\/IMG_0764.jpeg 1170w\" sizes=\"auto, (max-width: 607px) 100vw, 607px\" \/><\/figure><\/div>\n\n\n\n<p><em>Que reste-t-il quand on a tout oubli\u00e9&nbsp;? Les pav\u00e9s de la m\u00e9moire qui racontent un ancien quartier juif&nbsp;; les fresques Jean Delville qui \u00e9clairent d&rsquo;un jour \u00e9trange un proc\u00e8s en cour d&rsquo;Assises&#8230; autant de visages de la m\u00e9moire, au coeur des Belgiques d&rsquo;Evelyne Guzy.<\/em><\/p>\n\n\n\n<p><strong>Sommaire<\/strong><br \/>Rapha\u00ebl dans sa cit\u00e9-jardin<br \/>Le P\u00e8lerin de Saint-Job<br \/>La prison de la libert\u00e9<br \/>La travers\u00e9e<br \/>Les couleurs de la mer du Nord<br \/>Interm\u00e8de sportif<br \/>M\u00eame les roses blanches ont des \u00e9pines<br \/>Le monde d\u2019en bas<br \/>L\u2019abc de la libert\u00e9<br \/>Vice cach\u00e9<br \/>Ma voisine, Dora<br \/>Il restera le magnolia <\/p>\n\n\n\n<h2 class=\"wp-block-heading\">Extrait : <em>Le Monde d&rsquo;en bas<\/em><\/h2>\n\n\n\n<p>\u00ab&nbsp;Tout ce qui est en haut est comme tout ce qui est en bas.&nbsp;\u00bb Je tiens cette citation de mon arri\u00e8re-grand-m\u00e8re, Io. C\u2019est moi qui l\u2019ai nomm\u00e9e ainsi, Io, lorsque j\u2019\u00e9tais petite. Ce nom m\u2019est venu d\u2019un coup, j\u2019ai d\u00e9cid\u00e9, elle a accept\u00e9. Il lui allait si bien. Il m\u2019a \u00e9t\u00e9 inspir\u00e9 par un mythe de la Gr\u00e8ce antique qu\u2019elle me racontait souvent&nbsp;: l\u2019histoire d\u2019Io, justement, une pr\u00eatresse dont tomba amoureux Zeus, le grand chef des dieux, au point qu\u2019il se m\u00e9tamorphosait en nuage pour la visiter. On s\u2019en doute, H\u00e9ra, l\u2019\u00e9pouse en titre, n\u2019appr\u00e9cia que tr\u00e8s peu&nbsp;; ainsi, pour \u00e9chapper \u00e0 sa surveillance, Zeus transforma, ni vu ni connu, Io en g\u00e9nisse blanche\u2026 qu\u2019H\u00e9ra demanda en cadeau\u2026 et que Zeus visita sous la forme d\u2019un taureau&nbsp;! L\u2019histoire aurait pu continuer longtemps, je vous passe les mille p\u00e9rip\u00e9ties qui men\u00e8rent finalement Io \u00e0 prendre la fuite et \u00e0 retrouver son apparence humaine.&nbsp;Dans le fond, au travers de ses multiples transformations, n\u2019\u00e9tait-elle pas toujours rest\u00e9e la m\u00eame&nbsp;? Aujourd\u2019hui je me demande si telle \u00e9tait la morale que tirait mon arri\u00e8re-grand-m\u00e8re de cette l\u00e9gende\u2026&nbsp;<\/p>\n\n\n\n<p>Io me racontait mille histoires des temps anciens, ceux de l\u2019aube de la Pr\u00e9humanit\u00e9. Elle disait que ces mythes dissimulaient la sagesse du monde d\u2019avant, et qu\u2019ils devraient subsister, m\u00eame lorsque ce pass\u00e9 se serait noy\u00e9 dans les limbes de la m\u00e9moire. Elle me parlait de son enfance, aussi, de cette \u00e9poque o\u00f9 les flots envahissaient plages et digues, de ce temps o\u00f9 l\u2019eau ne pouvait plus se contenir, o\u00f9 tout d\u00e9bordait de partout. Heureusement, disait-elle, cette \u00e8re est r\u00e9volue. Alors, elle touchait le tubercule qui ornait le milieu de son visage. \u00c7a s\u2019appelait un nez, disait-elle. Dans le monde d\u2019en haut, il servait \u00e0 respirer. Chez les personnes de ma g\u00e9n\u00e9ration, cette partie du visage ressemble un peu au rostre du dauphin&nbsp;; \u00e0 l\u2019\u00e9poque d\u2019Io, les savants n\u2019avaient pas encore trouv\u00e9 la m\u00e9thode pour modifier le g\u00e9nome pr\u00e9humain \u00e9l\u00e9gamment. Mon arri\u00e8re-grand-m\u00e8re avait servi aux exp\u00e9rimentations pr\u00e9liminaires, et elle arborait sans complexes son improbable chirurgie nasale et l\u2019\u00e9vent, bizarrement plac\u00e9, qui lui servait de narine \u00e9tanche&nbsp;: n\u2019avait-elle pas \u00e9t\u00e9 une pionni\u00e8re&nbsp;?&nbsp;<\/p>\n\n\n\n<p>\u00ab Retiens les histoires, me disait-elle. Et offre-les en cadeau \u00e0 ta descendance. Il fut un temps o\u00f9, hommes et animaux terrestres humaient le parfum des fleurs. L\u2019odeur \u00e9tait d\u00e9licieuse. Mais nous profitons de tant d\u2019autres sensations aujourd\u2019hui&nbsp;!&nbsp;\u00bb Et c\u2019est exact, mon corps augment\u00e9 m\u2019offre, confirment les scientifiques, des perceptions qu\u2019Io n\u2019a pas connues dans son ancienne vie.<\/p>\n\n\n\n<p>(A suivre&#8230;)<\/p>\n\n\n\n<h2 class=\"wp-block-heading\">Dans la presse, \u00e0 la radio et sur les blogs<\/h2>\n\n\n\n<h3 class=\"wp-block-heading\"><strong>Daniel Simon &#8211; \u00ab\u00a0apr\u00e8s l&rsquo;oubli\u00a0\u00bb &#8211; <em>le carnet et les instants<\/em> &#8211; 12\/10\/23<\/strong><\/h3>\n\n\n\n<p>\u00ab\u00a0Evelyne Guzy nous prom\u00e8ne dans une suite de lieux de l\u2019espace public et priv\u00e9, tous marqu\u00e9s par la lutte contre l\u2019oubli. Bien entendu, nous retrouvons des interrogations communes aux inqui\u00e9tudes contemporaines, les migrants, les sans-papiers, les groupe d\u2019humains d\u2019un monde que nous voyions comme p\u00e9riph\u00e9rique et en train de devenir le centre instable.&nbsp;Evelyne Guzy porte le regard dans ces vies qui sont une nouvelle fa\u00e7on de raconter notre \u00e9poque. Et bien entendu, ce qui ne sera pas dit sera le plus int\u00e9ressant : Evelyne Guzy parvient aussi \u00e0 nous le faire percevoir de fa\u00e7on limpide.\u00a0\u00bb<\/p>\n\n\n\n<p><a href=\"https:\/\/le-carnet-et-les-instants.net\/2023\/10\/12\/guzy-belgiques\/?fbclid=IwAR0uujui2js4itdrWF0cA5u8zo1addvSLDb0yedToVRkuhvYh_CNNucGTCA_aem_AdExaGQPAWbtRQeWApeBkC578VeClk9GEq83OrIlNDKFqu4qrGocfND_hhxgo8UiGBI\" data-type=\"link\" data-id=\"https:\/\/le-carnet-et-les-instants.net\/2023\/10\/12\/guzy-belgiques\/?fbclid=IwAR0uujui2js4itdrWF0cA5u8zo1addvSLDb0yedToVRkuhvYh_CNNucGTCA_aem_AdExaGQPAWbtRQeWApeBkC578VeClk9GEq83OrIlNDKFqu4qrGocfND_hhxgo8UiGBI\">Lire l&rsquo;article ici&#8230;<\/a><\/p>\n\n\n\n<h3 class=\"wp-block-heading\"><strong>Lucile poulain &#8211; <em>sous couverture<\/em> &#8211; La trois, RTBF &#8211; 12\/11\/23<\/strong><\/h3>\n\n\n\n<p>Pr\u00e9sentation de la collection dans le cadre de l&rsquo;op\u00e9ration \u00ab\u00a0Lisez-vous le Belge\u00a0\u00bb.<\/p>\n\n\n\n<figure class=\"wp-block-gallery has-nested-images columns-default is-cropped wp-block-gallery-1 is-layout-flex wp-block-gallery-is-layout-flex\">\n<figure class=\"wp-block-image size-large is-style-default\"><a href=\"https:\/\/evelyneguzy.be\/WordPress3\/wp-content\/uploads\/2023\/12\/IMG_2882-1.jpeg\"><img loading=\"lazy\" decoding=\"async\" width=\"1024\" height=\"583\" data-id=\"1911\" src=\"https:\/\/evelyneguzy.be\/WordPress3\/wp-content\/uploads\/2023\/12\/IMG_2882-1-1024x583.jpeg\" alt=\"\" class=\"wp-image-1911\" srcset=\"https:\/\/evelyneguzy.be\/WordPress3\/wp-content\/uploads\/2023\/12\/IMG_2882-1-1024x583.jpeg 1024w, https:\/\/evelyneguzy.be\/WordPress3\/wp-content\/uploads\/2023\/12\/IMG_2882-1-300x171.jpeg 300w, https:\/\/evelyneguzy.be\/WordPress3\/wp-content\/uploads\/2023\/12\/IMG_2882-1-768x437.jpeg 768w, https:\/\/evelyneguzy.be\/WordPress3\/wp-content\/uploads\/2023\/12\/IMG_2882-1-1536x875.jpeg 1536w, https:\/\/evelyneguzy.be\/WordPress3\/wp-content\/uploads\/2023\/12\/IMG_2882-1-500x285.jpeg 500w, https:\/\/evelyneguzy.be\/WordPress3\/wp-content\/uploads\/2023\/12\/IMG_2882-1.jpeg 2047w\" sizes=\"auto, (max-width: 1024px) 100vw, 1024px\" \/><\/a><\/figure>\n<\/figure>\n\n\n\n<h3 class=\"wp-block-heading\"><strong>Interview par lise Benkemoun &#8211; <em>la matinale<\/em> &#8211; Radio Juda\u00efca &#8211; 15\/11\/23<\/strong><\/h3>\n\n\n\n<figure class=\"wp-block-embed is-type-video is-provider-youtube wp-block-embed-youtube wp-embed-aspect-16-9 wp-has-aspect-ratio\"><div class=\"wp-block-embed__wrapper\">\n<iframe loading=\"lazy\" title=\"Evelyne Guzy sort son nouveau livre &quot;Belgiques, quand on a tout oubli\u00e9&quot; (Ker \u00e9ditions)\" width=\"584\" height=\"329\" src=\"https:\/\/www.youtube.com\/embed\/RAQL8w-QKMI?feature=oembed\" frameborder=\"0\" allow=\"accelerometer; autoplay; clipboard-write; encrypted-media; gyroscope; picture-in-picture; web-share\" referrerpolicy=\"strict-origin-when-cross-origin\" allowfullscreen><\/iframe>\n<\/div><\/figure>\n\n\n\n<h3 class=\"wp-block-heading\"><strong>Pierre Maury &#8211; \u00ab\u00a0\u00a0\u00bbBelgiques\u00a0\u00bb, une collection a titre unique\u00a0\u00bb &#8211;<em> Le Soir<\/em> &#8211; 18\/11\/23<\/strong><\/h3>\n\n\n<div class=\"wp-block-image is-style-default\">\n<figure class=\"alignright size-large is-resized\"><a href=\"https:\/\/evelyneguzy.be\/WordPress3\/wp-content\/uploads\/2023\/12\/IMG_2871.jpeg\"><img loading=\"lazy\" decoding=\"async\" width=\"729\" height=\"1024\" src=\"https:\/\/evelyneguzy.be\/WordPress3\/wp-content\/uploads\/2023\/12\/IMG_2871-729x1024.jpeg\" alt=\"\" class=\"wp-image-1912\" style=\"width:230px;height:auto\" srcset=\"https:\/\/evelyneguzy.be\/WordPress3\/wp-content\/uploads\/2023\/12\/IMG_2871-729x1024.jpeg 729w, https:\/\/evelyneguzy.be\/WordPress3\/wp-content\/uploads\/2023\/12\/IMG_2871-214x300.jpeg 214w, https:\/\/evelyneguzy.be\/WordPress3\/wp-content\/uploads\/2023\/12\/IMG_2871-768x1079.jpeg 768w, https:\/\/evelyneguzy.be\/WordPress3\/wp-content\/uploads\/2023\/12\/IMG_2871-1093x1536.jpeg 1093w, https:\/\/evelyneguzy.be\/WordPress3\/wp-content\/uploads\/2023\/12\/IMG_2871.jpeg 1432w\" sizes=\"auto, (max-width: 729px) 100vw, 729px\" \/><\/a><\/figure>\n<\/div>\n\n\n<p>\u00ab&nbsp;Cette collection peut devenir un beau morceau de patrimoine vivant.&nbsp;\u00bb<\/p>\n\n\n\n<p>\u00ab\u00a0<em>Evelyne Guzy&nbsp;: le public et le priv\u00e9<\/em>. Quelques moments de l\u2019Histoire r\u00e9cente belge ponctuent le Belgiques d\u2019Evelyne Guzy, au sous-titre \u00e9clairant&nbsp;: Ce qui reste quand on a tout oubli\u00e9. Pond\u00e9r\u00e9 par une note, en fin de volume, qui dit un deuil en quelques mots.\u00a0\u00bb&nbsp;<\/p>\n\n\n\n<h3 class=\"wp-block-heading\"><strong>Eric Allard &#8211; \u00ab\u00a0Un livre de deuil et d&rsquo;esp\u00e9rance\u00a0\u00bb &#8211; <em>les belles phrases<\/em> &#8211; 23\/11\/23<\/strong><\/h3>\n\n\n\n<p>\u00ab\u00a0Ce&nbsp;Belgiques, sous-titr\u00e9,&nbsp;<em>Ce qui reste quand on a tout oubli\u00e9<\/em><strong><em>\u2026<\/em><\/strong>, est un livre de deuil, qui raconte des pertes en s\u2019interrogeant sur ce qui restera de ce qui a \u00e9t\u00e9 perdu, ce qui, derri\u00e8re l\u2019oubli, fait signe vers l\u2019esp\u00e9rance. Si Evelyne Guzy n\u2019\u00e9vite aucun sujet grave, aucun fait de soci\u00e9t\u00e9 d\u2019importance, elle en rend compte par le biais d\u2019une histoire, d\u2019une sensibilit\u00e9, d\u2019un individu. Chacun de ses r\u00e9cits, chacune de ses nouvelles est \u00e9crite \u00e0 la premi\u00e8re personne. C\u2019est toujours un risque et une chance pour un raconteur de fiction de dire&nbsp;<em>je<\/em>, le risque d\u2019en dire trop, de trop se d\u00e9voiler, la chance de trouver en soi des ressorts d\u2019impersonnalit\u00e9 pour dire le monde et la place qu\u2019on y tient.<\/p>\n\n\n\n<p>Que retient-on de ses r\u00eaves, que sait-on de l\u2019existence de nos ascendants, plus de deux ou trois g\u00e9n\u00e9rations avant notre naissance alors que leur souffrances endur\u00e9es, leurs joies \u00e9prouv\u00e9es doivent bien perfuser dans notre sang, constituer le terreau de nos peines et bonheurs auxquels, on peut penser elles font \u00e9cho ? C\u2019est \u00e0 ces questions que nous font r\u00e9fl\u00e9chir les nouvelles de ce recueil. Les onze r\u00e9cits questionnent par ailleurs la justice et ceux qui ont affaire avec elle, la m\u00e9moire de la Shoah, la fa\u00e7on de r\u00e9concilier les opposants (du conflit isra\u00e9lo-palestinien, notamment) et les inconciliables. Ils interrogent sur le sort r\u00e9serv\u00e9 aux migrants demandeurs d\u2019asile, sur l\u2019abandon et l\u2019adoption, sur les cons\u00e9quences du r\u00e9chauffement climatique, sur la place r\u00e9serv\u00e9e aux vieillards, sur les \u00e2mes endeuill\u00e9es\u2026 (&#8230;)<\/p>\n\n\n\n<p>Voil\u00e0 donc un livre sur ce qui reste quand on a tout oubli\u00e9, mais qu\u2019est-ce qui restera ? L\u2019amour inscrit dans les c\u0153urs, les corps, l\u2019envie ind\u00e9fectible de vivre, impr\u00e9gn\u00e9 des souffrances et qu\u00eates de nos anc\u00eatres\u2026 Au sein ou au terme de chaque nouvelle, le narrateur ou la narratrice indique ce qui demeure de l\u2019exp\u00e9rience narr\u00e9e, de la douleur endur\u00e9e. Chaque v\u00e9cu est unique et le b\u00e9n\u00e9fice de l\u2019oubli est lui aussi singulier. (&#8230;)<\/p>\n\n\n\n<p>Sur le plateau d\u2019<em>Apostrophes<\/em>, en 1981, Italo Calvino disait&nbsp;: \u00ab&nbsp;Le livre oubli\u00e9 a une force car quelque chose reste dans la m\u00e9moire. J\u2019aimerais \u00e9crire des livres oubliables parce qu\u2019un livre oubli\u00e9 continue \u00e0 travailler dans l\u2019inconscient du lecteur.&nbsp;\u00bb (&#8230;) Nul doute que si jamais on oublie tant soit peu ces beaux et forts r\u00e9cits d\u2019Evelyne Guzy, continuera \u00e0 travailler en nous son questionnement \u00e0 ce sujet et \u00e0 agir sur notre sensibilit\u00e9 les sensations qu\u2019elle a infus\u00e9es comme, par exemple, le nid de faucons p\u00e8lerins au sommet d\u2019une \u00e9glise, le go\u00fbt du morceau de sucre beurr\u00e9, la saveur du sumac, la couleur du sable de la Mer du Nord, la formule de Trim\u00e9giste, la rencontre avec un livre et une \u00e9crivaine.<\/p>\n\n\n\n<p><a href=\"https:\/\/lesbellesphrases264473161.wordpress.com\/2023\/11\/23\/lisez-vous-le-belge-belgiques-ce-qui-reste-quand-on-a-tout-oublie-develyne-guzy-ker-editions-par-eric-allard\/?fbclid=IwAR3bQxA_WzY8MFAqvdc3rdew4tF9y5_7FGi2N25WkeG7yZrhu-wWGYvUFvc_aem_AdSe5SiaF8QeObpkWieQm7uLBknQKOyRoJazxR8DJ5CZ3nMkiDvenerPbv1mfgBxVcA\">Lire l&rsquo;article ici&#8230;<\/a><\/p>\n\n\n\n<p><\/p>\n\n\n\n<h3 class=\"wp-block-heading\"><strong>Lucile poulain &#8211; <em>culture Club<\/em> &#8211; Tipik, RTBF &#8211; 24\/11\/23<\/strong><\/h3>\n\n\n\n<figure class=\"wp-block-image size-large is-style-default\"><a href=\"https:\/\/evelyneguzy.be\/WordPress3\/wp-content\/uploads\/2023\/12\/IMG_1349.jpeg\"><img loading=\"lazy\" decoding=\"async\" width=\"1024\" height=\"572\" src=\"https:\/\/evelyneguzy.be\/WordPress3\/wp-content\/uploads\/2023\/12\/IMG_1349-1024x572.jpeg\" alt=\"\" class=\"wp-image-1917\" srcset=\"https:\/\/evelyneguzy.be\/WordPress3\/wp-content\/uploads\/2023\/12\/IMG_1349-1024x572.jpeg 1024w, https:\/\/evelyneguzy.be\/WordPress3\/wp-content\/uploads\/2023\/12\/IMG_1349-300x168.jpeg 300w, https:\/\/evelyneguzy.be\/WordPress3\/wp-content\/uploads\/2023\/12\/IMG_1349-768x429.jpeg 768w, https:\/\/evelyneguzy.be\/WordPress3\/wp-content\/uploads\/2023\/12\/IMG_1349-1536x858.jpeg 1536w, https:\/\/evelyneguzy.be\/WordPress3\/wp-content\/uploads\/2023\/12\/IMG_1349-2048x1145.jpeg 2048w, https:\/\/evelyneguzy.be\/WordPress3\/wp-content\/uploads\/2023\/12\/IMG_1349-500x279.jpeg 500w\" sizes=\"auto, (max-width: 1024px) 100vw, 1024px\" \/><\/a><\/figure>\n\n\n\n<figure class=\"wp-block-image size-large is-style-default\"><a href=\"https:\/\/evelyneguzy.be\/WordPress3\/wp-content\/uploads\/2023\/12\/IMG_1350.jpeg\"><img loading=\"lazy\" decoding=\"async\" width=\"1024\" height=\"568\" src=\"https:\/\/evelyneguzy.be\/WordPress3\/wp-content\/uploads\/2023\/12\/IMG_1350-1024x568.jpeg\" alt=\"\" class=\"wp-image-1918\" srcset=\"https:\/\/evelyneguzy.be\/WordPress3\/wp-content\/uploads\/2023\/12\/IMG_1350-1024x568.jpeg 1024w, https:\/\/evelyneguzy.be\/WordPress3\/wp-content\/uploads\/2023\/12\/IMG_1350-300x166.jpeg 300w, https:\/\/evelyneguzy.be\/WordPress3\/wp-content\/uploads\/2023\/12\/IMG_1350-768x426.jpeg 768w, https:\/\/evelyneguzy.be\/WordPress3\/wp-content\/uploads\/2023\/12\/IMG_1350-1536x852.jpeg 1536w, https:\/\/evelyneguzy.be\/WordPress3\/wp-content\/uploads\/2023\/12\/IMG_1350-2048x1136.jpeg 2048w, https:\/\/evelyneguzy.be\/WordPress3\/wp-content\/uploads\/2023\/12\/IMG_1350-500x277.jpeg 500w\" sizes=\"auto, (max-width: 1024px) 100vw, 1024px\" \/><\/a><\/figure>\n\n\n\n\n\n<p>Article suite \u00e0 l&rsquo;\u00e9mission sur le site de la RTBF : <em>C\u2019est important de lire le belge&nbsp;: on vous explique pourquoi et comment<strong> <\/strong><\/em>&#8211; (27\/11\/23)<\/p>\n\n\n\n<p>\u00ab\u00a0Si l\u2019op\u00e9ration touche bient\u00f4t \u00e0 sa fin, il n\u2019y a \u00e9videmment pas de date limite pour consommer belge. Lucile Poulain vous recommande d\u2019ailleurs 2 bouquins si vous ne savez pas par o\u00f9 commencer. Il s\u2019agit des 2 recueils de nouvelles, issues de la collection \u00ab\u00a0Belgiques\u00a0\u00bb (\u00e9ditions Ker), \u00e9crits par \u00c9velyne Guzy et Fran\u00e7oise Duesberg. Avec \u00c9velyne Guzy, on est aussi bien sur les bancs d\u2019un proc\u00e8s pour meurtre au Palais de Justice que Place Saint-Job, dans la peau d\u2019une femme loyale qui ne sait pas trop quoi faire de son d\u00e9sir pour un autre homme.\u00a0\u00bb<\/p>\n\n\n\n<h3 class=\"wp-block-heading\"><strong>Interview par Alexandre millon &#8211; <em>Nos lettres <\/em>&#8211; n\u00b049 &#8211; Mars 2024<\/strong><\/h3>\n\n\n\n<p>Extrait : \u00a0\u00bb <strong>Alexandre Millon<\/strong> : Ce qui reste quand on a tout oubli\u00e9, derri\u00e8re ce beau titre, moi je pense aux valeurs refuges, tu entends quoi&nbsp;?<\/p>\n\n\n\n<p><strong>Evelyne Guzy<\/strong>&nbsp;<strong>:&nbsp;<\/strong>Que reste-t-il quand on a tout oubli\u00e9&nbsp;? J\u2019ai construit mon recueil, hant\u00e9e par cette interrogation, qui a tenu lieu \u00e0 la fois de fil rouge et de contrainte litt\u00e9raire. Mais comment l\u2019aborder par le biais de la fiction, de la subjectivit\u00e9&nbsp;? Tous les personnages qui peuplent mon livre sont soumis \u00e0 une exp\u00e9rience particuli\u00e8re, qui les confronte \u00e0 la question de la m\u00e9moire, personnelle ou universelle. Et chacun apporte sa propre r\u00e9ponse, sans porosit\u00e9 avec celle des autres, au risque de la contradiction, ou plut\u00f4t du paradoxe. Car on peut percevoir \u2013 plut\u00f4t que penser \u2013 qu\u2019il faut \u00e0 la fois int\u00e9grer le pass\u00e9 pour construire&nbsp;<em>et<\/em>&nbsp;l\u2019oublier pour pouvoir avancer. Quelle que soit l\u2019option retenue \u2013 qui est parfois un entre-deux \u2013 les h\u00e9ros de mes nouvelles choisissent de cheminer vers la lumi\u00e8re, de surmonter \u2013 ou d\u2019int\u00e9grer \u2013 les cassures ou les deuils. Et,&nbsp;<em>in fine<\/em>, il leur reste cette sensation de douceur, qu\u2019on peut trouver en soi et autour de soi, m\u00eame dans les pires moments. Une douceur qu\u2019on pourrait appeler amour lorsqu\u2019elle se manifeste par d\u2019autres humains, leur souvenir ou les histoires qu\u2019ils nous ont racont\u00e9es. Une douceur qu\u2019on peut nommer harmonie, aussi, et que nous offre le monde environnant&nbsp;: un \u00e9tang, un magnolia, des faucons p\u00e8lerins, le go\u00fbt d\u2019un morceau de sucre beurr\u00e9, les couleurs de la mer du Nord&#8230; Des \u00e9motions, des perceptions et du silence aussi, beaucoup de silence. Car pour que nous parlent les pav\u00e9s de la m\u00e9moire, il faut pouvoir se taire, m\u00e9diter, et les \u00e9couter \u00e9voquer leur existence pass\u00e9e. Accepter que la po\u00e9sie, cette forme particuli\u00e8re de silence, p\u00e9n\u00e8tre notre vie. Parfois, l\u2019allusion est plus parlante que la d\u00e9monstration.\u00a0\u00bb<\/p>\n\n\n\n<h3 class=\"wp-block-heading\"><strong>Interview par Kate millie &#8211; Bruxelles culture &#8211; 5\/8\/24<\/strong><\/h3>\n\n\n\n<p>\u00ab\u00a0<em>Belgiques : ce qui reste quand on a tout oubli\u00e9 <\/em>d\u2019Evelyne Guzy propose douze nouvelles intimistes pr\u00e9sentant \u00ab la Belgique \u00bb de l\u2019autrice. Oscillant entre la m\u00e9moire, la nostalgie, le deuil, non d\u00e9pourvues de r\u00e9silience et de douceur, la plupart r\u00e9solument tourn\u00e9es vers \u00ab la lumi\u00e8re \u00bb, elles s\u2019inscrivent avec force dans une dimension aussi bien personnelle que collective.\u00a0\u00bb<\/p>\n\n\n\n<h3 class=\"wp-block-heading\"><strong>La collection Belgiques sur <em>Monts des arts<\/em> &#8211; BX1 &#8211; 27\/11\/25<\/strong><\/h3>\n\n\n\n<figure class=\"wp-block-image size-large\"><a href=\"https:\/\/evelyneguzy.be\/WordPress3\/wp-content\/uploads\/2026\/02\/Capture-decran-2025-11-29-a-12.37.09-scaled.jpeg\"><img loading=\"lazy\" decoding=\"async\" width=\"1024\" height=\"586\" src=\"https:\/\/evelyneguzy.be\/WordPress3\/wp-content\/uploads\/2026\/02\/Capture-decran-2025-11-29-a-12.37.09-1024x586.jpeg\" alt=\"\" class=\"wp-image-2339\" srcset=\"https:\/\/evelyneguzy.be\/WordPress3\/wp-content\/uploads\/2026\/02\/Capture-decran-2025-11-29-a-12.37.09-1024x586.jpeg 1024w, https:\/\/evelyneguzy.be\/WordPress3\/wp-content\/uploads\/2026\/02\/Capture-decran-2025-11-29-a-12.37.09-300x172.jpeg 300w, https:\/\/evelyneguzy.be\/WordPress3\/wp-content\/uploads\/2026\/02\/Capture-decran-2025-11-29-a-12.37.09-768x439.jpeg 768w, https:\/\/evelyneguzy.be\/WordPress3\/wp-content\/uploads\/2026\/02\/Capture-decran-2025-11-29-a-12.37.09-1536x878.jpeg 1536w, https:\/\/evelyneguzy.be\/WordPress3\/wp-content\/uploads\/2026\/02\/Capture-decran-2025-11-29-a-12.37.09-2048x1171.jpeg 2048w, https:\/\/evelyneguzy.be\/WordPress3\/wp-content\/uploads\/2026\/02\/Capture-decran-2025-11-29-a-12.37.09-500x286.jpeg 500w\" sizes=\"auto, (max-width: 1024px) 100vw, 1024px\" \/><\/a><\/figure>\n\n\n\n<h2 class=\"wp-block-heading\">Commentaires d&rsquo;\u00e9crivains&#8230;<\/h2>\n\n\n\n<h3 class=\"wp-block-heading\"><strong>Fran\u00e7oise Duesberg<\/strong><\/h3>\n\n\n\n<p>Un tr\u00e8s beau recueil de nouvelles ! Evelyne Guzy r\u00e9ussit le tour de force de se glisser dans la peau de personnages aussi diff\u00e9rents qu&rsquo;une fillette africaine se liant d&rsquo;amiti\u00e9 avec une vieille dame rescap\u00e9e de la Shoah, un n\u00e9gociant en vin, joueur de tennis dans un club hupp\u00e9, un r\u00e9fugi\u00e9 afghan ou une juge de l&rsquo;affaire Dutroux&#8230; J&rsquo;aime sa fa\u00e7on de m\u00ealer fiction et r\u00e9alit\u00e9 et de nous toucher avec la distance qu&rsquo;il faut pour ne pas tomber dans le m\u00e9lo. Quelques belles chutes aussi !<\/p>\n\n\n\n<h3 class=\"wp-block-heading\"><strong>Jacqueline De Clercq<\/strong><\/h3>\n\n\n\n<p>Belle ma\u00eetrise de l&rsquo;\u00e9criture de la nouvelle et de la fiction car ici, il ne s&rsquo;agit pas de t\u00e9moignages mais bien d&rsquo;un travail d&rsquo;imagination litt\u00e9raire. Bref, je vous recommande vivement la lecture de ce beau recueil ! Bravo ch\u00e8re Evelyne !<\/p>\n\n\n\n<h3 class=\"wp-block-heading\"><strong>Annie Pr\u00e9aux<\/strong><\/h3>\n\n\n\n<p>Quel bonheur de te retrouver \u00e0 travers tes nouvelles ! De retrouver ta langue si juste, si belle dans sa simplicit\u00e9, celle qui \u00e9tablit une proximit\u00e9 avec son lecteur \u00e0 qui, parfois, tu t&rsquo;adresses comme \u00e0 un ami. Oui, comme \u00e0 quelqu&rsquo;un que tu connais, qui te conna\u00eet&#8230; Les histoires de vie de tous ces Belges m&rsquo;ont \u00e9mue, m&rsquo;ont fait sourire, m&rsquo;ont fait penser et m\u00eame quand elles sont tristes, elles font du bien. Tu les racontes en \u00ab\u00a0je\u00a0\u00bb, mais en empruntant des identit\u00e9s diff\u00e9rentes qui, toutes, disent beaucoup de choses de toi, de nous, des Belges, quels qu&rsquo;ils soient, quel que soit leur chemin, des jeunes, des moins jeunes, des humains parmi d&rsquo;autres humains. (&#8230;) Un mot me vient \u00e0 l&rsquo;esprit pour qualifier&nbsp;<em>Ma voisine, Dora&nbsp;<\/em>et tous les r\u00e9cits que je viens de lire : la bienveillance. Ou mieux : la bienveillance pour l&rsquo;humanit\u00e9 dans toutes ses dimensions. Mieux encore : entre les lignes, la Fraternit\u00e9.<\/p>\n\n\n\n<h2 class=\"wp-block-heading\"><strong>Pr\u00e9sentations et d\u00e9dicaces<\/strong><\/h2>\n\n\n\n<h3 class=\"wp-block-heading\"><strong>Filigranes &#8211; Pr\u00e9sentation des 4 livres de la collection Belgiques 2023 &#8211; 16\/11\/23<\/strong><\/h3>\n\n\n\n<p>Avec Fran\u00e7oise Duesberg, Juan Doultremont et Bernard Tirtiaux<\/p>\n\n\n\n<figure class=\"wp-block-image size-large is-style-default\"><a href=\"https:\/\/evelyneguzy.be\/WordPress3\/wp-content\/uploads\/2023\/12\/1611-Vincent-Engel-Evelyne-Guzy-Juan-dOultremont-Francoise-Duesberg-et-Bernard-Tirtiaux-4000-\u00d7-2250-px.png\"><img loading=\"lazy\" decoding=\"async\" width=\"1024\" height=\"576\" src=\"https:\/\/evelyneguzy.be\/WordPress3\/wp-content\/uploads\/2023\/12\/1611-Vincent-Engel-Evelyne-Guzy-Juan-dOultremont-Francoise-Duesberg-et-Bernard-Tirtiaux-4000-\u00d7-2250-px-1024x576.png\" alt=\"\" class=\"wp-image-1924\" srcset=\"https:\/\/evelyneguzy.be\/WordPress3\/wp-content\/uploads\/2023\/12\/1611-Vincent-Engel-Evelyne-Guzy-Juan-dOultremont-Francoise-Duesberg-et-Bernard-Tirtiaux-4000-\u00d7-2250-px-1024x576.png 1024w, https:\/\/evelyneguzy.be\/WordPress3\/wp-content\/uploads\/2023\/12\/1611-Vincent-Engel-Evelyne-Guzy-Juan-dOultremont-Francoise-Duesberg-et-Bernard-Tirtiaux-4000-\u00d7-2250-px-300x169.png 300w, https:\/\/evelyneguzy.be\/WordPress3\/wp-content\/uploads\/2023\/12\/1611-Vincent-Engel-Evelyne-Guzy-Juan-dOultremont-Francoise-Duesberg-et-Bernard-Tirtiaux-4000-\u00d7-2250-px-768x432.png 768w, https:\/\/evelyneguzy.be\/WordPress3\/wp-content\/uploads\/2023\/12\/1611-Vincent-Engel-Evelyne-Guzy-Juan-dOultremont-Francoise-Duesberg-et-Bernard-Tirtiaux-4000-\u00d7-2250-px-1536x864.png 1536w, https:\/\/evelyneguzy.be\/WordPress3\/wp-content\/uploads\/2023\/12\/1611-Vincent-Engel-Evelyne-Guzy-Juan-dOultremont-Francoise-Duesberg-et-Bernard-Tirtiaux-4000-\u00d7-2250-px-2048x1152.png 2048w, https:\/\/evelyneguzy.be\/WordPress3\/wp-content\/uploads\/2023\/12\/1611-Vincent-Engel-Evelyne-Guzy-Juan-dOultremont-Francoise-Duesberg-et-Bernard-Tirtiaux-4000-\u00d7-2250-px-500x281.png 500w\" sizes=\"auto, (max-width: 1024px) 100vw, 1024px\" \/><\/a><\/figure>\n\n\n\n<figure class=\"wp-block-gallery has-nested-images columns-default is-cropped wp-block-gallery-2 is-layout-flex wp-block-gallery-is-layout-flex\">\n<figure class=\"wp-block-image size-large is-style-default\"><a href=\"https:\/\/evelyneguzy.be\/WordPress3\/wp-content\/uploads\/2023\/12\/402648822_10161402912947359_7298134573272551785_n.jpg\"><img loading=\"lazy\" decoding=\"async\" width=\"720\" height=\"960\" data-id=\"1928\" src=\"https:\/\/evelyneguzy.be\/WordPress3\/wp-content\/uploads\/2023\/12\/402648822_10161402912947359_7298134573272551785_n.jpg\" alt=\"\" class=\"wp-image-1928\" srcset=\"https:\/\/evelyneguzy.be\/WordPress3\/wp-content\/uploads\/2023\/12\/402648822_10161402912947359_7298134573272551785_n.jpg 720w, https:\/\/evelyneguzy.be\/WordPress3\/wp-content\/uploads\/2023\/12\/402648822_10161402912947359_7298134573272551785_n-225x300.jpg 225w\" sizes=\"auto, (max-width: 720px) 100vw, 720px\" \/><\/a><\/figure>\n\n\n\n<figure class=\"wp-block-image size-large is-style-default\"><a href=\"https:\/\/evelyneguzy.be\/WordPress3\/wp-content\/uploads\/2023\/12\/401845553_10161402912897359_677367319390805177_n.jpg\"><img loading=\"lazy\" decoding=\"async\" width=\"720\" height=\"960\" data-id=\"1926\" src=\"https:\/\/evelyneguzy.be\/WordPress3\/wp-content\/uploads\/2023\/12\/401845553_10161402912897359_677367319390805177_n.jpg\" alt=\"\" class=\"wp-image-1926\" srcset=\"https:\/\/evelyneguzy.be\/WordPress3\/wp-content\/uploads\/2023\/12\/401845553_10161402912897359_677367319390805177_n.jpg 720w, https:\/\/evelyneguzy.be\/WordPress3\/wp-content\/uploads\/2023\/12\/401845553_10161402912897359_677367319390805177_n-225x300.jpg 225w\" sizes=\"auto, (max-width: 720px) 100vw, 720px\" \/><\/a><\/figure>\n\n\n\n<figure class=\"wp-block-image size-large is-style-default\"><a href=\"https:\/\/evelyneguzy.be\/WordPress3\/wp-content\/uploads\/2023\/12\/401842215_10161402912792359_309057298830029637_n-1.jpg\"><img loading=\"lazy\" decoding=\"async\" width=\"960\" height=\"720\" data-id=\"1929\" src=\"https:\/\/evelyneguzy.be\/WordPress3\/wp-content\/uploads\/2023\/12\/401842215_10161402912792359_309057298830029637_n-1.jpg\" alt=\"\" class=\"wp-image-1929\" srcset=\"https:\/\/evelyneguzy.be\/WordPress3\/wp-content\/uploads\/2023\/12\/401842215_10161402912792359_309057298830029637_n-1.jpg 960w, https:\/\/evelyneguzy.be\/WordPress3\/wp-content\/uploads\/2023\/12\/401842215_10161402912792359_309057298830029637_n-1-300x225.jpg 300w, https:\/\/evelyneguzy.be\/WordPress3\/wp-content\/uploads\/2023\/12\/401842215_10161402912792359_309057298830029637_n-1-768x576.jpg 768w, https:\/\/evelyneguzy.be\/WordPress3\/wp-content\/uploads\/2023\/12\/401842215_10161402912792359_309057298830029637_n-1-400x300.jpg 400w\" sizes=\"auto, (max-width: 960px) 100vw, 960px\" \/><\/a><\/figure>\n\n\n\n<figure class=\"wp-block-image size-large is-style-default\"><a href=\"https:\/\/evelyneguzy.be\/WordPress3\/wp-content\/uploads\/2023\/12\/402629439_10161402912992359_1560959637392289363_n.jpg\"><img loading=\"lazy\" decoding=\"async\" width=\"960\" height=\"720\" data-id=\"1931\" src=\"https:\/\/evelyneguzy.be\/WordPress3\/wp-content\/uploads\/2023\/12\/402629439_10161402912992359_1560959637392289363_n.jpg\" alt=\"\" class=\"wp-image-1931\" srcset=\"https:\/\/evelyneguzy.be\/WordPress3\/wp-content\/uploads\/2023\/12\/402629439_10161402912992359_1560959637392289363_n.jpg 960w, https:\/\/evelyneguzy.be\/WordPress3\/wp-content\/uploads\/2023\/12\/402629439_10161402912992359_1560959637392289363_n-300x225.jpg 300w, https:\/\/evelyneguzy.be\/WordPress3\/wp-content\/uploads\/2023\/12\/402629439_10161402912992359_1560959637392289363_n-768x576.jpg 768w, https:\/\/evelyneguzy.be\/WordPress3\/wp-content\/uploads\/2023\/12\/402629439_10161402912992359_1560959637392289363_n-400x300.jpg 400w\" sizes=\"auto, (max-width: 960px) 100vw, 960px\" \/><\/a><\/figure>\n\n\n\n<figure class=\"wp-block-image size-large is-style-default\"><a href=\"https:\/\/evelyneguzy.be\/WordPress3\/wp-content\/uploads\/2023\/12\/401841833_10161402912837359_4879859451900783313_n.jpg\"><img loading=\"lazy\" decoding=\"async\" width=\"960\" height=\"720\" data-id=\"1933\" src=\"https:\/\/evelyneguzy.be\/WordPress3\/wp-content\/uploads\/2023\/12\/401841833_10161402912837359_4879859451900783313_n.jpg\" alt=\"\" class=\"wp-image-1933\" srcset=\"https:\/\/evelyneguzy.be\/WordPress3\/wp-content\/uploads\/2023\/12\/401841833_10161402912837359_4879859451900783313_n.jpg 960w, https:\/\/evelyneguzy.be\/WordPress3\/wp-content\/uploads\/2023\/12\/401841833_10161402912837359_4879859451900783313_n-300x225.jpg 300w, https:\/\/evelyneguzy.be\/WordPress3\/wp-content\/uploads\/2023\/12\/401841833_10161402912837359_4879859451900783313_n-768x576.jpg 768w, https:\/\/evelyneguzy.be\/WordPress3\/wp-content\/uploads\/2023\/12\/401841833_10161402912837359_4879859451900783313_n-400x300.jpg 400w\" sizes=\"auto, (max-width: 960px) 100vw, 960px\" \/><\/a><\/figure>\n<\/figure>\n\n\n\n<h3 class=\"wp-block-heading\"><strong>Salon du livre de wallonie &#8211; 26\/11\/23<\/strong><\/h3>\n\n\n\n<figure class=\"wp-block-image size-large is-style-default\"><a href=\"https:\/\/evelyneguzy.be\/WordPress3\/wp-content\/uploads\/2023\/12\/IMG_2875.jpg\"><img loading=\"lazy\" decoding=\"async\" width=\"1024\" height=\"576\" src=\"https:\/\/evelyneguzy.be\/WordPress3\/wp-content\/uploads\/2023\/12\/IMG_2875-1024x576.jpg\" alt=\"\" class=\"wp-image-1939\" srcset=\"https:\/\/evelyneguzy.be\/WordPress3\/wp-content\/uploads\/2023\/12\/IMG_2875-1024x576.jpg 1024w, https:\/\/evelyneguzy.be\/WordPress3\/wp-content\/uploads\/2023\/12\/IMG_2875-300x169.jpg 300w, https:\/\/evelyneguzy.be\/WordPress3\/wp-content\/uploads\/2023\/12\/IMG_2875-768x432.jpg 768w, https:\/\/evelyneguzy.be\/WordPress3\/wp-content\/uploads\/2023\/12\/IMG_2875-1536x864.jpg 1536w, https:\/\/evelyneguzy.be\/WordPress3\/wp-content\/uploads\/2023\/12\/IMG_2875-500x281.jpg 500w, https:\/\/evelyneguzy.be\/WordPress3\/wp-content\/uploads\/2023\/12\/IMG_2875.jpg 1920w\" sizes=\"auto, (max-width: 1024px) 100vw, 1024px\" \/><\/a><\/figure>\n\n\n\n<figure class=\"wp-block-gallery has-nested-images columns-default is-cropped wp-block-gallery-3 is-layout-flex wp-block-gallery-is-layout-flex\">\n<figure class=\"wp-block-image size-large is-style-default\"><a href=\"https:\/\/evelyneguzy.be\/WordPress3\/wp-content\/uploads\/2023\/12\/406061171_10161416683747359_2409536354921010966_n-2.jpg\"><img loading=\"lazy\" decoding=\"async\" width=\"960\" height=\"720\" data-id=\"1942\" src=\"https:\/\/evelyneguzy.be\/WordPress3\/wp-content\/uploads\/2023\/12\/406061171_10161416683747359_2409536354921010966_n-2.jpg\" alt=\"\" class=\"wp-image-1942\" srcset=\"https:\/\/evelyneguzy.be\/WordPress3\/wp-content\/uploads\/2023\/12\/406061171_10161416683747359_2409536354921010966_n-2.jpg 960w, https:\/\/evelyneguzy.be\/WordPress3\/wp-content\/uploads\/2023\/12\/406061171_10161416683747359_2409536354921010966_n-2-300x225.jpg 300w, https:\/\/evelyneguzy.be\/WordPress3\/wp-content\/uploads\/2023\/12\/406061171_10161416683747359_2409536354921010966_n-2-768x576.jpg 768w, https:\/\/evelyneguzy.be\/WordPress3\/wp-content\/uploads\/2023\/12\/406061171_10161416683747359_2409536354921010966_n-2-400x300.jpg 400w\" sizes=\"auto, (max-width: 960px) 100vw, 960px\" \/><\/a><figcaption class=\"wp-element-caption\">Avec Fran\u00e7oise Duesberg et Bernard Tirtiaux.<\/figcaption><\/figure>\n\n\n\n<figure class=\"wp-block-image size-large is-style-default\"><a href=\"https:\/\/evelyneguzy.be\/WordPress3\/wp-content\/uploads\/2023\/12\/406009381_10161418013997359_1155007959885772084_n.jpg\"><img loading=\"lazy\" decoding=\"async\" width=\"1024\" height=\"462\" data-id=\"1944\" src=\"https:\/\/evelyneguzy.be\/WordPress3\/wp-content\/uploads\/2023\/12\/406009381_10161418013997359_1155007959885772084_n-1024x462.jpg\" alt=\"\" class=\"wp-image-1944\" srcset=\"https:\/\/evelyneguzy.be\/WordPress3\/wp-content\/uploads\/2023\/12\/406009381_10161418013997359_1155007959885772084_n-1024x462.jpg 1024w, https:\/\/evelyneguzy.be\/WordPress3\/wp-content\/uploads\/2023\/12\/406009381_10161418013997359_1155007959885772084_n-300x135.jpg 300w, https:\/\/evelyneguzy.be\/WordPress3\/wp-content\/uploads\/2023\/12\/406009381_10161418013997359_1155007959885772084_n-768x346.jpg 768w, https:\/\/evelyneguzy.be\/WordPress3\/wp-content\/uploads\/2023\/12\/406009381_10161418013997359_1155007959885772084_n-500x225.jpg 500w, https:\/\/evelyneguzy.be\/WordPress3\/wp-content\/uploads\/2023\/12\/406009381_10161418013997359_1155007959885772084_n.jpg 1198w\" sizes=\"auto, (max-width: 1024px) 100vw, 1024px\" \/><\/a><figcaption class=\"wp-element-caption\">Avec Juan Doultremont et Philippe Gustin, sur le stand de Ker \u00e9ditions.<\/figcaption><\/figure>\n<\/figure>\n\n\n\n<h3 class=\"wp-block-heading\"><strong>Filigranes &#8211; d\u00e9dicace &#8211; soir\u00e9e caritative AQUARELLE &#8211; 5\/12\/23<\/strong><\/h3>\n\n\n<div class=\"wp-block-image is-style-default\">\n<figure class=\"aligncenter size-large is-resized\"><a href=\"https:\/\/evelyneguzy.be\/WordPress3\/wp-content\/uploads\/2023\/12\/IMG_1357.jpg\"><img loading=\"lazy\" decoding=\"async\" width=\"820\" height=\"1024\" src=\"https:\/\/evelyneguzy.be\/WordPress3\/wp-content\/uploads\/2023\/12\/IMG_1357-820x1024.jpg\" alt=\"\" class=\"wp-image-1966\" style=\"width:239px;height:auto\" srcset=\"https:\/\/evelyneguzy.be\/WordPress3\/wp-content\/uploads\/2023\/12\/IMG_1357-820x1024.jpg 820w, https:\/\/evelyneguzy.be\/WordPress3\/wp-content\/uploads\/2023\/12\/IMG_1357-240x300.jpg 240w, https:\/\/evelyneguzy.be\/WordPress3\/wp-content\/uploads\/2023\/12\/IMG_1357-768x959.jpg 768w, https:\/\/evelyneguzy.be\/WordPress3\/wp-content\/uploads\/2023\/12\/IMG_1357-1229x1536.jpg 1229w, https:\/\/evelyneguzy.be\/WordPress3\/wp-content\/uploads\/2023\/12\/IMG_1357.jpg 1440w\" sizes=\"auto, (max-width: 820px) 100vw, 820px\" \/><\/a><\/figure>\n<\/div>\n\n\n<h3 class=\"wp-block-heading\"><strong>Foire du livre de bruxelles &#8211; table ronde : \u00ab\u00a0l&rsquo;\u00e9criture qui sublime les tristesses &#8211; 4\/4\/24<\/strong><\/h3>\n\n\n\n<p>Anim\u00e9e par Florence Richter. Avec Marianne Sluszny, Fran\u00e7oise Duesberg et Evelyne Guzy, <\/p>\n\n\n\n<div class=\"wp-block-group is-nowrap is-layout-flex wp-container-core-group-is-layout-ad2f72ca wp-block-group-is-layout-flex\">\n<figure class=\"wp-block-image size-large is-style-default\"><a href=\"https:\/\/evelyneguzy.be\/WordPress3\/wp-content\/uploads\/2024\/06\/63324407-48ec-4fa2-8b9d-2f8cc543fb42.jpg\"><img loading=\"lazy\" decoding=\"async\" width=\"1024\" height=\"768\" src=\"https:\/\/evelyneguzy.be\/WordPress3\/wp-content\/uploads\/2024\/06\/63324407-48ec-4fa2-8b9d-2f8cc543fb42-1024x768.jpg\" alt=\"\" class=\"wp-image-2026\" srcset=\"https:\/\/evelyneguzy.be\/WordPress3\/wp-content\/uploads\/2024\/06\/63324407-48ec-4fa2-8b9d-2f8cc543fb42-1024x768.jpg 1024w, https:\/\/evelyneguzy.be\/WordPress3\/wp-content\/uploads\/2024\/06\/63324407-48ec-4fa2-8b9d-2f8cc543fb42-300x225.jpg 300w, https:\/\/evelyneguzy.be\/WordPress3\/wp-content\/uploads\/2024\/06\/63324407-48ec-4fa2-8b9d-2f8cc543fb42-768x576.jpg 768w, https:\/\/evelyneguzy.be\/WordPress3\/wp-content\/uploads\/2024\/06\/63324407-48ec-4fa2-8b9d-2f8cc543fb42-1536x1152.jpg 1536w, https:\/\/evelyneguzy.be\/WordPress3\/wp-content\/uploads\/2024\/06\/63324407-48ec-4fa2-8b9d-2f8cc543fb42-400x300.jpg 400w, https:\/\/evelyneguzy.be\/WordPress3\/wp-content\/uploads\/2024\/06\/63324407-48ec-4fa2-8b9d-2f8cc543fb42.jpg 1600w\" sizes=\"auto, (max-width: 1024px) 100vw, 1024px\" \/><\/a><\/figure>\n<\/div>\n\n\n\n<p><a href=\"https:\/\/www.facebook.com\/reel\/2733051396871788\">Extrait de la rencontre<\/a><\/p>\n\n\n\n<h3 class=\"wp-block-heading\"><strong>Salon du livre de Wallonie &#8211; 24\/11\/24<\/strong><\/h3>\n\n\n\n<figure class=\"wp-block-image size-full\"><a href=\"https:\/\/evelyneguzy.be\/WordPress3\/wp-content\/uploads\/2025\/01\/IMG_2913-1.jpg\"><img loading=\"lazy\" decoding=\"async\" width=\"940\" height=\"788\" src=\"https:\/\/evelyneguzy.be\/WordPress3\/wp-content\/uploads\/2025\/01\/IMG_2913-1.jpg\" alt=\"\" class=\"wp-image-2045\" srcset=\"https:\/\/evelyneguzy.be\/WordPress3\/wp-content\/uploads\/2025\/01\/IMG_2913-1.jpg 940w, https:\/\/evelyneguzy.be\/WordPress3\/wp-content\/uploads\/2025\/01\/IMG_2913-1-300x251.jpg 300w, https:\/\/evelyneguzy.be\/WordPress3\/wp-content\/uploads\/2025\/01\/IMG_2913-1-768x644.jpg 768w, https:\/\/evelyneguzy.be\/WordPress3\/wp-content\/uploads\/2025\/01\/IMG_2913-1-358x300.jpg 358w\" sizes=\"auto, (max-width: 940px) 100vw, 940px\" \/><\/a><\/figure>\n\n\n\n<figure class=\"wp-block-gallery has-nested-images columns-default is-cropped wp-block-gallery-4 is-layout-flex wp-block-gallery-is-layout-flex\">\n<figure class=\"wp-block-image size-large\"><a href=\"https:\/\/evelyneguzy.be\/WordPress3\/wp-content\/uploads\/2025\/01\/IMG_2956-1-scaled.jpeg\"><img loading=\"lazy\" decoding=\"async\" width=\"768\" height=\"1024\" data-id=\"2046\" src=\"https:\/\/evelyneguzy.be\/WordPress3\/wp-content\/uploads\/2025\/01\/IMG_2956-1-768x1024.jpeg\" alt=\"\" class=\"wp-image-2046\" srcset=\"https:\/\/evelyneguzy.be\/WordPress3\/wp-content\/uploads\/2025\/01\/IMG_2956-1-768x1024.jpeg 768w, https:\/\/evelyneguzy.be\/WordPress3\/wp-content\/uploads\/2025\/01\/IMG_2956-1-225x300.jpeg 225w, https:\/\/evelyneguzy.be\/WordPress3\/wp-content\/uploads\/2025\/01\/IMG_2956-1-1152x1536.jpeg 1152w, https:\/\/evelyneguzy.be\/WordPress3\/wp-content\/uploads\/2025\/01\/IMG_2956-1-1536x2048.jpeg 1536w, https:\/\/evelyneguzy.be\/WordPress3\/wp-content\/uploads\/2025\/01\/IMG_2956-1-scaled.jpeg 1920w\" sizes=\"auto, (max-width: 768px) 100vw, 768px\" \/><\/a><\/figure>\n\n\n\n<figure class=\"wp-block-image size-large\"><a href=\"https:\/\/evelyneguzy.be\/WordPress3\/wp-content\/uploads\/2025\/01\/IMG_2959-1-scaled.jpeg\"><img loading=\"lazy\" decoding=\"async\" width=\"768\" height=\"1024\" data-id=\"2047\" src=\"https:\/\/evelyneguzy.be\/WordPress3\/wp-content\/uploads\/2025\/01\/IMG_2959-1-768x1024.jpeg\" alt=\"\" class=\"wp-image-2047\" srcset=\"https:\/\/evelyneguzy.be\/WordPress3\/wp-content\/uploads\/2025\/01\/IMG_2959-1-768x1024.jpeg 768w, https:\/\/evelyneguzy.be\/WordPress3\/wp-content\/uploads\/2025\/01\/IMG_2959-1-225x300.jpeg 225w, https:\/\/evelyneguzy.be\/WordPress3\/wp-content\/uploads\/2025\/01\/IMG_2959-1-1152x1536.jpeg 1152w, https:\/\/evelyneguzy.be\/WordPress3\/wp-content\/uploads\/2025\/01\/IMG_2959-1-1536x2048.jpeg 1536w, https:\/\/evelyneguzy.be\/WordPress3\/wp-content\/uploads\/2025\/01\/IMG_2959-1-scaled.jpeg 1920w\" sizes=\"auto, (max-width: 768px) 100vw, 768px\" \/><\/a><\/figure>\n<\/figure>\n\n\n\n<h3 class=\"wp-block-heading\"><strong>SEFER &#8211; Salon du livre du CCLJ &#8211; 8\/12\/24<\/strong><\/h3>\n\n\n\n<figure class=\"wp-block-image size-full\"><a href=\"https:\/\/evelyneguzy.be\/WordPress3\/wp-content\/uploads\/2025\/01\/image-1.png\"><img loading=\"lazy\" decoding=\"async\" width=\"800\" height=\"568\" src=\"https:\/\/evelyneguzy.be\/WordPress3\/wp-content\/uploads\/2025\/01\/image-1.png\" alt=\"\" class=\"wp-image-2049\" srcset=\"https:\/\/evelyneguzy.be\/WordPress3\/wp-content\/uploads\/2025\/01\/image-1.png 800w, https:\/\/evelyneguzy.be\/WordPress3\/wp-content\/uploads\/2025\/01\/image-1-300x213.png 300w, https:\/\/evelyneguzy.be\/WordPress3\/wp-content\/uploads\/2025\/01\/image-1-768x545.png 768w, https:\/\/evelyneguzy.be\/WordPress3\/wp-content\/uploads\/2025\/01\/image-1-423x300.png 423w\" sizes=\"auto, (max-width: 800px) 100vw, 800px\" \/><\/a><\/figure>\n\n\n\n<figure class=\"wp-block-gallery has-nested-images columns-default is-cropped wp-block-gallery-5 is-layout-flex wp-block-gallery-is-layout-flex\">\n<figure class=\"wp-block-image size-large\"><a href=\"https:\/\/evelyneguzy.be\/WordPress3\/wp-content\/uploads\/2025\/01\/IMG_3024-1.jpeg\"><img loading=\"lazy\" decoding=\"async\" width=\"1024\" height=\"814\" data-id=\"2050\" src=\"https:\/\/evelyneguzy.be\/WordPress3\/wp-content\/uploads\/2025\/01\/IMG_3024-1-1024x814.jpeg\" alt=\"\" class=\"wp-image-2050\" srcset=\"https:\/\/evelyneguzy.be\/WordPress3\/wp-content\/uploads\/2025\/01\/IMG_3024-1-1024x814.jpeg 1024w, https:\/\/evelyneguzy.be\/WordPress3\/wp-content\/uploads\/2025\/01\/IMG_3024-1-300x238.jpeg 300w, https:\/\/evelyneguzy.be\/WordPress3\/wp-content\/uploads\/2025\/01\/IMG_3024-1-768x610.jpeg 768w, https:\/\/evelyneguzy.be\/WordPress3\/wp-content\/uploads\/2025\/01\/IMG_3024-1-377x300.jpeg 377w, https:\/\/evelyneguzy.be\/WordPress3\/wp-content\/uploads\/2025\/01\/IMG_3024-1.jpeg 1170w\" sizes=\"auto, (max-width: 1024px) 100vw, 1024px\" \/><\/a><\/figure>\n\n\n\n<figure class=\"wp-block-image size-large\"><a href=\"https:\/\/evelyneguzy.be\/WordPress3\/wp-content\/uploads\/2025\/01\/IMG_3035-1.jpg\"><img loading=\"lazy\" decoding=\"async\" width=\"1000\" height=\"667\" data-id=\"2051\" src=\"https:\/\/evelyneguzy.be\/WordPress3\/wp-content\/uploads\/2025\/01\/IMG_3035-1.jpg\" alt=\"\" class=\"wp-image-2051\" srcset=\"https:\/\/evelyneguzy.be\/WordPress3\/wp-content\/uploads\/2025\/01\/IMG_3035-1.jpg 1000w, https:\/\/evelyneguzy.be\/WordPress3\/wp-content\/uploads\/2025\/01\/IMG_3035-1-300x200.jpg 300w, https:\/\/evelyneguzy.be\/WordPress3\/wp-content\/uploads\/2025\/01\/IMG_3035-1-768x512.jpg 768w, https:\/\/evelyneguzy.be\/WordPress3\/wp-content\/uploads\/2025\/01\/IMG_3035-1-450x300.jpg 450w\" sizes=\"auto, (max-width: 1000px) 100vw, 1000px\" \/><\/a><\/figure>\n<\/figure>\n\n\n\n<p><a href=\"http:\/\/&lt;iframe src=&quot;https:\/\/www.facebook.com\/plugins\/video.php?height=314&amp;href=https%3A%2F%2Fwww.facebook.com%2Fradiojudaica%2Fvideos%2F1356943142379658%2F&amp;show_text=false&amp;width=560&amp;t=0&quot; width=&quot;560&quot; height=&quot;314&quot; style=&quot;border:none;overflow:hidden&quot; scrolling=&quot;no&quot; frameborder=&quot;0&quot; allowfullscreen=&quot;true&quot; allow=&quot;autoplay; clipboard-write; encrypted-media; picture-in-picture; web-share&quot; allowFullScreen=&quot;true&quot;&gt;\">Interview sur Radio Juda\u00efca avec Yani Thiranos (CCLJ<\/a>)<\/p>\n\n\n\n<p><\/p>\n","protected":false},"excerpt":{"rendered":"<p>Ker \u00e9ditions, 2023 Belgiques&nbsp;est une collection de recueils de nouvelles. Chaque recueil, \u00e9crit par un seul auteur, est un portrait en mosa\u00efque de la Belgique. Des paysages, des ambiances, du folklore, des traditions, de la gastronomie, de la politique, des &hellip; <a href=\"https:\/\/evelyneguzy.be\/WordPress3\/?page_id=1853\">Continuer la lecture <span class=\"meta-nav\">&rarr;<\/span><\/a><\/p>\n","protected":false},"author":1,"featured_media":0,"parent":169,"menu_order":2,"comment_status":"closed","ping_status":"closed","template":"","meta":{"footnotes":""},"class_list":["post-1853","page","type-page","status-publish","hentry"],"_links":{"self":[{"href":"https:\/\/evelyneguzy.be\/WordPress3\/index.php?rest_route=\/wp\/v2\/pages\/1853","targetHints":{"allow":["GET"]}}],"collection":[{"href":"https:\/\/evelyneguzy.be\/WordPress3\/index.php?rest_route=\/wp\/v2\/pages"}],"about":[{"href":"https:\/\/evelyneguzy.be\/WordPress3\/index.php?rest_route=\/wp\/v2\/types\/page"}],"author":[{"embeddable":true,"href":"https:\/\/evelyneguzy.be\/WordPress3\/index.php?rest_route=\/wp\/v2\/users\/1"}],"replies":[{"embeddable":true,"href":"https:\/\/evelyneguzy.be\/WordPress3\/index.php?rest_route=%2Fwp%2Fv2%2Fcomments&post=1853"}],"version-history":[{"count":35,"href":"https:\/\/evelyneguzy.be\/WordPress3\/index.php?rest_route=\/wp\/v2\/pages\/1853\/revisions"}],"predecessor-version":[{"id":2340,"href":"https:\/\/evelyneguzy.be\/WordPress3\/index.php?rest_route=\/wp\/v2\/pages\/1853\/revisions\/2340"}],"up":[{"embeddable":true,"href":"https:\/\/evelyneguzy.be\/WordPress3\/index.php?rest_route=\/wp\/v2\/pages\/169"}],"wp:attachment":[{"href":"https:\/\/evelyneguzy.be\/WordPress3\/index.php?rest_route=%2Fwp%2Fv2%2Fmedia&parent=1853"}],"curies":[{"name":"wp","href":"https:\/\/api.w.org\/{rel}","templated":true}]}}