{"id":918,"date":"2014-05-19T14:03:47","date_gmt":"2014-05-19T12:03:47","guid":{"rendered":"http:\/\/evelyneguzy.be\/WordPress3\/?page_id=918"},"modified":"2014-05-19T14:22:41","modified_gmt":"2014-05-19T12:22:41","slug":"armel-job-dans-la-gueule-de-la-bete-bruxelles-sous-loccupation-nazie","status":"publish","type":"page","link":"https:\/\/evelyneguzy.be\/WordPress3\/?page_id=918","title":{"rendered":"Armel Job, Dans la gueule de la b\u00eate &#038; Bruxelles sous l\u2019occupation nazie"},"content":{"rendered":"<h1><strong>19\/5\/14\u00a0: Armel Job, <em>Dans la gueule de la b\u00eate<\/em>, Robert Laffont. Roman\u00a0<\/strong><\/h1>\n<p><img decoding=\"async\" class=\"alignleft\" title=\"Armel Job\" src=\"http:\/\/extranet.editis.com\/it-yonixweb\/IMAGES\/RL\/P3\/9782221140918.jpg\" alt=\"\" width=\"250\" \/>N\u00e9 dans une modeste famille d\u2019artisans li\u00e9geois, <strong>Armel Job <\/strong>deviendra professeur de latin et de grec \u00e0 Bastogne, puis directeur d\u2019\u00e9tablissement. Il a publi\u00e9 une dizaine de romans, principalement chez<strong> Robert Laffont<\/strong>, un important \u00e9diteur fran\u00e7ais.<\/p>\n<p><strong><em>Dans La gueule de la b\u00eate <\/em><\/strong>se d\u00e9roule dans cette r\u00e9gion de Li\u00e8ge qu\u2019Armel Job conna\u00eet bien, \u00e0 l\u2019\u00e9poque de <strong>la guerre 40-45<\/strong>. J\u2019ai l\u2019ai lu<strong><em> <\/em><\/strong>comme un hommage \u00e0 toutes ces personnes, notables ou anonymes, catholiques ou socialistes, qui, durant la Seconde Guerre mondiale sont venues en aide aux Juifs pers\u00e9cut\u00e9s, au risque de leur propre vie. On y rencontre une petite fille, cach\u00e9e dans un couvent et s\u00e9par\u00e9e de ses parents, des Juifs sans religion. On y c\u00f4toie aussi une famille de fervents chr\u00e9tiens, membres d\u2019une confr\u00e9rie pour la conversion d\u2019Isra\u00ebl, qui accueille une jeune m\u00e8re, sans rien exiger d\u2019elle. Une ancienne \u00e9pici\u00e8re dissimule un p\u00e8re d\u00e9sesp\u00e9r\u00e9 de vivre loin de ceux qu\u2019il aimerait prot\u00e9ger\u2026 On y croise aussi des profiteurs de guerre, un dangereux mouchard et des militaires allemands. Toutes ces personnes nous sont pr\u00e9sent\u00e9es dans leur complexit\u00e9, un jour l\u00e2ches, l\u2019autre courageuses, un jour \u00e9go\u00efstes, l\u2019autre g\u00e9n\u00e9reuses. Des gens comme vous et moi, face \u00e0 une histoire qui tente de les \u00e9craser\u2026<\/p>\n<p><strong>La force du livre d\u2019Armel Job<\/strong> est de r\u00e9introduire la nuance dans un univers que nous lisons souvent en noir et blanc. Son propos se r\u00e9v\u00e8le, par moment, politique. On s\u2019interroge sur l\u2019\u00c9glise qui s\u2019est organis\u00e9e pour sauver des Juifs mais ne bl\u00e2me pas publiquement l\u2019occupant. Ou sur la responsabilit\u00e9 de notables juifs qui, bien que convaincus de mener une politique du moindre mal, seront instrumentalis\u00e9s par les nazis.\u00a0 \u00ab\u00a0Ce qu\u2019il y a de terrible dans la guerre, conclut Armel Job, c\u2019est qu\u2019il ne s\u2019agit plus du bien et du mal, comme on se l\u2019imagine, mais seulement de diff\u00e9rentes sortes de mal entre lesquelles il faut se d\u00e9cider.\u00a0\u00bb<\/p>\n<p><strong><img decoding=\"async\" class=\"alignleft\" title=\"Bruxelles sous l'occupation nazi\" src=\"http:\/\/www.editionspreriant.be\/img\/p\/2\/7\/27-thickbox_default.jpg\" alt=\"\" width=\"250\" \/>Pierre et Jimmy Bourgeois, <em>Bruxelles sous l\u2019occupation nazie<\/em>, Pr\u00e9 riant. Photographies<\/strong><\/p>\n<p>Pour comprendre mieux encore cette p\u00e9riode complexe, mais \u00e0 Bruxelles cette fois, je vous recommande une sorte d\u2019album photographique g\u00e9ant, extr\u00eamement parlant. Dans <strong><em>Bruxelles sous l\u2019occupation nazie<\/em><\/strong>, paru aux \u00e9ditions du Pr\u00e9 riant, <strong>Pierre Bourgeois<\/strong> a r\u00e9uni les photos que son p\u00e8re, <strong>Jimmy Bourgeois<\/strong>, a prises durant cette sinistre p\u00e9riode. Il s\u2019agit l\u00e0 du v\u00e9ritable acte de r\u00e9sistance d\u2019un jeune homme de vingt ans, \u00e0 une \u00e9poque o\u00f9 toute entrave \u00e0 la censure \u00e9tait s\u00e9v\u00e8rement punie. Le risque \u00e9tant grand, ce type de photos est tr\u00e8s rare. Ce livre nous offre donc un t\u00e9moignage pr\u00e9cieux sur le quotidien \u00e0 l\u2019\u00e9poque de l\u2019occupation. On y d\u00e9couvre les changements op\u00e9r\u00e9s dans le paysage urbain par l\u2019administration militaire, et les marques de r\u00e9sistance de la population. On se rend compte de la port\u00e9e des r\u00e9quisitions, qui touchaient tant les voitures que les cin\u00e9mas ou m\u00eame les maisons closes. On y prend conscience de la faim qu\u2019on v\u00e9cue nos parents et grands-parents, qui faisaient de longues files pour acheter quelques harengs tandis que les nazis, soucieux de leur prestige, organisaient des concerts sur la Grand-Place. (<a href=\"http:\/\/www.editionspreriant.be\"><strong>www.editionspreriant.be<\/strong><\/a>)<\/p>\n<p>La semaine prochaine, nous changerons totalement de style avec un livre de <strong>Genevi\u00e8ve Damas, <em>Histoire d\u2019un bonheur<\/em><\/strong>, paru chez Arl\u00e9a. Je vous ferai \u00e9galement d\u00e9couvrir une revue litt\u00e9raire belge, <strong><em>Marginales<\/em><\/strong>.<\/p>\n<p>Ecouter la chronique :\u00a0<a href=\"http:\/\/evelyneguzy.be\/WordPress3\/wp-content\/uploads\/2014\/01\/Melting-Pot-190514.mp3\">Melting Pot 190514<\/a><\/p>\n","protected":false},"excerpt":{"rendered":"<p>19\/5\/14\u00a0: Armel Job, Dans la gueule de la b\u00eate, Robert Laffont. Roman\u00a0 N\u00e9 dans une modeste famille d\u2019artisans li\u00e9geois, Armel Job deviendra professeur de latin et de grec \u00e0 Bastogne, puis directeur d\u2019\u00e9tablissement. Il a publi\u00e9 une dizaine de romans, &hellip; <a href=\"https:\/\/evelyneguzy.be\/WordPress3\/?page_id=918\">Continuer la lecture <span class=\"meta-nav\">&rarr;<\/span><\/a><\/p>\n","protected":false},"author":1,"featured_media":0,"parent":796,"menu_order":12,"comment_status":"closed","ping_status":"open","template":"","meta":{"footnotes":""},"class_list":["post-918","page","type-page","status-publish","hentry"],"_links":{"self":[{"href":"https:\/\/evelyneguzy.be\/WordPress3\/index.php?rest_route=\/wp\/v2\/pages\/918","targetHints":{"allow":["GET"]}}],"collection":[{"href":"https:\/\/evelyneguzy.be\/WordPress3\/index.php?rest_route=\/wp\/v2\/pages"}],"about":[{"href":"https:\/\/evelyneguzy.be\/WordPress3\/index.php?rest_route=\/wp\/v2\/types\/page"}],"author":[{"embeddable":true,"href":"https:\/\/evelyneguzy.be\/WordPress3\/index.php?rest_route=\/wp\/v2\/users\/1"}],"replies":[{"embeddable":true,"href":"https:\/\/evelyneguzy.be\/WordPress3\/index.php?rest_route=%2Fwp%2Fv2%2Fcomments&post=918"}],"version-history":[{"count":3,"href":"https:\/\/evelyneguzy.be\/WordPress3\/index.php?rest_route=\/wp\/v2\/pages\/918\/revisions"}],"predecessor-version":[{"id":925,"href":"https:\/\/evelyneguzy.be\/WordPress3\/index.php?rest_route=\/wp\/v2\/pages\/918\/revisions\/925"}],"up":[{"embeddable":true,"href":"https:\/\/evelyneguzy.be\/WordPress3\/index.php?rest_route=\/wp\/v2\/pages\/796"}],"wp:attachment":[{"href":"https:\/\/evelyneguzy.be\/WordPress3\/index.php?rest_route=%2Fwp%2Fv2%2Fmedia&parent=918"}],"curies":[{"name":"wp","href":"https:\/\/api.w.org\/{rel}","templated":true}]}}