{"id":997,"date":"2014-09-22T10:36:59","date_gmt":"2014-09-22T08:36:59","guid":{"rendered":"http:\/\/evelyneguzy.be\/WordPress3\/?page_id=997"},"modified":"2014-09-22T13:53:58","modified_gmt":"2014-09-22T11:53:58","slug":"vincent-engel-les-diaboloques","status":"publish","type":"page","link":"https:\/\/evelyneguzy.be\/WordPress3\/?page_id=997","title":{"rendered":"Vincent Engel, Les Diaboliques"},"content":{"rendered":"<h1>22\/9\/14 :\u00a0<strong>Vincent Engel, <em>Les Diaboliques<\/em>, Ker \u00e9ditions. Roman<\/strong><\/h1>\n<p>Au fil des ann\u00e9es,<strong> Vincent Engel <\/strong>s\u2019est r\u00e9v\u00e9l\u00e9 comme un des<strong> <\/strong>auteurs marquants de sa g\u00e9n\u00e9ration, tant par la qualit\u00e9 de son \u00e9criture que par les th\u00e8mes importants qu\u2019il aborde dans son \u0153uvre, \u00e0 la fois scientifique et litt\u00e9raire. Professeur de litt\u00e9rature contemporaine \u00e0 l&rsquo;Universit\u00e9 catholique de Louvain et d&rsquo;histoire contemporaine \u00e0 l&rsquo;IHECS, il a consacr\u00e9 une th\u00e8se\u00a0de doctorat \u00e0 l\u2019\u00e9crivain am\u00e9ricain rescap\u00e9 de la Shoah, Elie Wiesel. Il s\u2019est pench\u00e9 sur la question du mal dans de nombreux articles scientifiques, une th\u00e9matique qui hante aussi ses essais, romans, nouvelles ou pi\u00e8ces de th\u00e9\u00e2tre.<\/p>\n<p>Un de ses romans, <em>Oubliez Adam Weinberger<\/em>, paru chez Fayard en 2000, m\u2019a particuli\u00e8rement marqu\u00e9. Il y aborde, de fa\u00e7on allusive et d\u00e9licate, le silence qu\u2019ont respect\u00e9 les survivants des camps de concentration apr\u00e8s la Seconde Guerre mondiale. D\u2019autres fictions, une vingtaine, souvent des fresques historiques,<em> <\/em>reviennent sur les th\u00e8mes du mal, du mensonge et des apparences trompeuses, par des biais plus divertissants. Tel est le cas de <em>Les Diaboliques<\/em>, pour lequel Vincent Engel a d\u00e9cid\u00e9 de faire confiance \u00e0 un de nos \u00e9diteurs dou\u00e9s\u00a0: Xavier Vanvaerenbergh, le fondateur de Ker \u00e9ditions, dont nous avons d\u00e9j\u00e0 parl\u00e9.<\/p>\n<p><strong><em><img decoding=\"async\" class=\"alignleft\" title=\"Engel\" src=\"http:\/\/www.kerditions.eu\/wp-content\/uploads\/2013\/05\/Les-Diaboliques-Couverture-PULSIO.jpg\" alt=\"\" width=\"250\" \/><\/em><\/strong><\/p>\n<p><strong><em>Les Diaboliques<\/em><\/strong> nous offre un moment agr\u00e9able de lecture. Nous sommes en 1855 et tout commence par l\u2019histoire de Fabian et Lucie, qui s\u2019aiment d\u2019un amour pur mais interdit. Fabian entre dans les ordres, au service d\u2019un jeune oisif dont il deviendra le confident. Sc\u00e8nes de d\u00e9bauches, meurtres, trahisons et mensonges se succ\u00e8dent. Qui est \u00e0 l\u2019origine du plan machiav\u00e9lique qui, graduellement, se d\u00e9ploie et ruine la vie du ma\u00eetre de Fabian ? Le lecteur, \u00e0 son grand d\u00e9lice, se perd dans des hypoth\u00e8ses contradictoires. Prestidigitateur de l\u2019intrigue, Vincent Engel d\u00e9ploie dans son roman une \u00e9criture pr\u00e9cieuse et surann\u00e9e, qui colle \u00e0 l\u2019atmosph\u00e8re du XIX<sup>e<\/sup> si\u00e8cle, et contribue \u00e0 la fascination exerc\u00e9e sur le lecteur.<\/p>\n<p>&nbsp;<\/p>\n<p><img loading=\"lazy\" decoding=\"async\" class=\"alignleft\" title=\"Bary\" src=\"http:\/\/www.isabellebary.be\/images\/mini-cover-hope.jpg\" alt=\"\" width=\"126\" height=\"184\" \/>Pour la troisi\u00e8me partie de l&rsquo;\u00e9mission, je vous ai r\u00e9serv\u00e9 une nouvelle sympathique. Un auteur belge, <strong>Isabelle Bary<\/strong>, vient de remporter le <strong>prix Soroptimist<\/strong> de la romanci\u00e8re francophone. Il consacre un roman, \u00e9crit en fran\u00e7ais par une femme hors de France, afin de r\u00e9v\u00e9ler la richesse de la francophobie. Le livre d&rsquo;Isabelle Bary r\u00e9compens\u00e9 est titr\u00e9 <em>La Vie selon Hope<\/em> et publi\u00e9 chez Luce Wilquin. Son prochain livre, <em>Zebraska<\/em>, sort en octobre chez le m\u00eame \u00e9diteur et se penche sur le sort des enfants surdou\u00e9s.<\/p>\n<p>La semaine, nous restons chez Luce Wilquin avec <strong>Alain Lallemand<\/strong> et son roman, <em><strong>Ma plus belle d\u00e9claration de guerre<\/strong>. <\/em>L&rsquo;auteur, par ailleurs grand reporter, sera notre invit\u00e9 pour une \u00e9mission sp\u00e9ciale.<\/p>\n<p>Ecouter :\u00a0<a href=\"http:\/\/evelyneguzy.be\/WordPress3\/wp-content\/uploads\/2014\/01\/Melting-Pot-220914.mp3\">Melting Pot 220914<\/a><\/p>\n","protected":false},"excerpt":{"rendered":"<p>22\/9\/14 :\u00a0Vincent Engel, Les Diaboliques, Ker \u00e9ditions. Roman Au fil des ann\u00e9es, Vincent Engel s\u2019est r\u00e9v\u00e9l\u00e9 comme un des auteurs marquants de sa g\u00e9n\u00e9ration, tant par la qualit\u00e9 de son \u00e9criture que par les th\u00e8mes importants qu\u2019il aborde dans son &hellip; <a href=\"https:\/\/evelyneguzy.be\/WordPress3\/?page_id=997\">Continuer la lecture <span class=\"meta-nav\">&rarr;<\/span><\/a><\/p>\n","protected":false},"author":1,"featured_media":0,"parent":796,"menu_order":20,"comment_status":"closed","ping_status":"open","template":"","meta":{"footnotes":""},"class_list":["post-997","page","type-page","status-publish","hentry"],"_links":{"self":[{"href":"https:\/\/evelyneguzy.be\/WordPress3\/index.php?rest_route=\/wp\/v2\/pages\/997","targetHints":{"allow":["GET"]}}],"collection":[{"href":"https:\/\/evelyneguzy.be\/WordPress3\/index.php?rest_route=\/wp\/v2\/pages"}],"about":[{"href":"https:\/\/evelyneguzy.be\/WordPress3\/index.php?rest_route=\/wp\/v2\/types\/page"}],"author":[{"embeddable":true,"href":"https:\/\/evelyneguzy.be\/WordPress3\/index.php?rest_route=\/wp\/v2\/users\/1"}],"replies":[{"embeddable":true,"href":"https:\/\/evelyneguzy.be\/WordPress3\/index.php?rest_route=%2Fwp%2Fv2%2Fcomments&post=997"}],"version-history":[{"count":8,"href":"https:\/\/evelyneguzy.be\/WordPress3\/index.php?rest_route=\/wp\/v2\/pages\/997\/revisions"}],"predecessor-version":[{"id":1002,"href":"https:\/\/evelyneguzy.be\/WordPress3\/index.php?rest_route=\/wp\/v2\/pages\/997\/revisions\/1002"}],"up":[{"embeddable":true,"href":"https:\/\/evelyneguzy.be\/WordPress3\/index.php?rest_route=\/wp\/v2\/pages\/796"}],"wp:attachment":[{"href":"https:\/\/evelyneguzy.be\/WordPress3\/index.php?rest_route=%2Fwp%2Fv2%2Fmedia&parent=997"}],"curies":[{"name":"wp","href":"https:\/\/api.w.org\/{rel}","templated":true}]}}